
{"id":59,"date":"2023-07-13T01:10:28","date_gmt":"2023-07-12T23:10:28","guid":{"rendered":"https:\/\/egjqvnkxjq.cfolks.pl\/cmrbip\/?page_id=59"},"modified":"2024-06-10T17:11:02","modified_gmt":"2024-06-10T15:11:02","slug":"zapytania-ofertowe","status":"publish","type":"page","link":"https:\/\/bip.cmradzymin.pl\/index.php\/zapytania-ofertowe\/","title":{"rendered":"Zapytania ofertowe"},"content":{"rendered":"<section class=\"wpb-content-wrapper\"><div class=\"pdfprnt-buttons pdfprnt-buttons-page pdfprnt-top-right\"><a href=\"https:\/\/bip.cmradzymin.pl\/index.php\/wp-json\/wp\/v2\/pages\/59?print=pdf\" class=\"pdfprnt-button pdfprnt-button-pdf\" target=\"_blank\"><img decoding=\"async\" src=\"https:\/\/bip.cmradzymin.pl\/wp-content\/plugins\/pdf-print\/images\/pdf.png\" alt=\"image_pdf\" title=\"Download PDF\" \/><\/a><a href=\"https:\/\/bip.cmradzymin.pl\/index.php\/wp-json\/wp\/v2\/pages\/59?print=print\" class=\"pdfprnt-button pdfprnt-button-print\" target=\"_blank\"><img decoding=\"async\" src=\"https:\/\/bip.cmradzymin.pl\/wp-content\/plugins\/pdf-print\/images\/print.png\" alt=\"image_print\" title=\"Print Content\" \/><\/a><\/div><p>[vc_row][vc_column]<style type=\"text\/css\" data-type=\"the7_shortcodes-inline-css\">.blog-shortcode.blog-list-shortcode-id-aa6bb2032ae5124abf2b5e3459ec442e.dividers-on.classic-layout-list article {\n  margin-top: 20px;\n  padding-top: 0;\n  border-color: #333333;\n}\n.blog-shortcode.blog-list-shortcode-id-aa6bb2032ae5124abf2b5e3459ec442e.dividers-on.classic-layout-list article:first-of-type {\n  margin-top: 0;\n  padding-top: 0;\n}\n.blog-shortcode.blog-list-shortcode-id-aa6bb2032ae5124abf2b5e3459ec442e.classic-layout-list.mode-list .post-thumbnail-wrap {\n  width: 50%;\n}\n.blog-shortcode.blog-list-shortcode-id-aa6bb2032ae5124abf2b5e3459ec442e.classic-layout-list.mode-list .post-entry-content {\n  width: calc(100% - 50%);\n}\n.blog-shortcode.blog-list-shortcode-id-aa6bb2032ae5124abf2b5e3459ec442e.classic-layout-list.mode-list .no-img .post-entry-content {\n  width: 100%;\n}\n.blog-shortcode.blog-list-shortcode-id-aa6bb2032ae5124abf2b5e3459ec442e .filter-bg-decoration .filter-categories a.act {\n  color: #fff;\n}\n.blog-shortcode.blog-list-shortcode-id-aa6bb2032ae5124abf2b5e3459ec442e:not(.mode-masonry) article {\n  margin-top: 20px;\n}\n.blog-shortcode.blog-list-shortcode-id-aa6bb2032ae5124abf2b5e3459ec442e:not(.mode-masonry) article:first-of-type,\n.blog-shortcode.blog-list-shortcode-id-aa6bb2032ae5124abf2b5e3459ec442e:not(.mode-masonry) article.visible.first:not(.product) {\n  margin-top: 0;\n}\n.blog-shortcode.blog-list-shortcode-id-aa6bb2032ae5124abf2b5e3459ec442e.dividers-on:not(.mode-masonry) article {\n  margin-top: 0;\n  padding-top: 20px;\n}\n.blog-shortcode.blog-list-shortcode-id-aa6bb2032ae5124abf2b5e3459ec442e.dividers-on:not(.mode-masonry) article:first-of-type,\n.blog-shortcode.blog-list-shortcode-id-aa6bb2032ae5124abf2b5e3459ec442e.dividers-on:not(.mode-masonry) article.visible.first:not(.product) {\n  margin-top: 0;\n  padding-top: 0;\n}\n.blog-shortcode.blog-list-shortcode-id-aa6bb2032ae5124abf2b5e3459ec442e .post-thumbnail-wrap {\n  padding: 0px 0px 0px 0px;\n}\n.blog-shortcode.blog-list-shortcode-id-aa6bb2032ae5124abf2b5e3459ec442e.enable-bg-rollover .post-thumbnail-rollover:after {\n  background: -webkit-linear-gradient();\n  background: linear-gradient();\n}\n.blog-shortcode.blog-list-shortcode-id-aa6bb2032ae5124abf2b5e3459ec442e .gallery-zoom-ico {\n  width: 44px;\n  height: 44px;\n  line-height: 44px;\n  border-radius: 100px;\n  margin: -22px 0 0 -22px;\n  border-width: 0px;\n  color: #ffffff;\n}\n.bottom-overlap-layout-list.blog-shortcode.blog-list-shortcode-id-aa6bb2032ae5124abf2b5e3459ec442e .gallery-zoom-ico {\n  margin-top: -22px;\n}\n.gradient-overlay-layout-list.blog-shortcode.blog-list-shortcode-id-aa6bb2032ae5124abf2b5e3459ec442e .gallery-zoom-ico,\n.content-rollover-layout-list.blog-shortcode.blog-list-shortcode-id-aa6bb2032ae5124abf2b5e3459ec442e .gallery-zoom-ico {\n  margin: 0 0 10px;\n}\n.content-align-center.gradient-overlay-layout-list.blog-shortcode.blog-list-shortcode-id-aa6bb2032ae5124abf2b5e3459ec442e .gallery-zoom-ico,\n.content-align-center.content-rollover-layout-list.blog-shortcode.blog-list-shortcode-id-aa6bb2032ae5124abf2b5e3459ec442e .gallery-zoom-ico {\n  margin: 0 auto 10px;\n}\n.dt-icon-bg-on.blog-shortcode.blog-list-shortcode-id-aa6bb2032ae5124abf2b5e3459ec442e .gallery-zoom-ico {\n  background: rgba(255,255,255,0.3);\n  box-shadow: none;\n}\n.blog-shortcode.blog-list-shortcode-id-aa6bb2032ae5124abf2b5e3459ec442e .gallery-zoom-ico > span,\n.blog-shortcode.blog-list-shortcode-id-aa6bb2032ae5124abf2b5e3459ec442e .gallery-zoom-ico:before {\n  font-size: 32px;\n  line-height: 44px;\n}\n.blog-shortcode.blog-list-shortcode-id-aa6bb2032ae5124abf2b5e3459ec442e .gallery-zoom-ico > span,\n.blog-shortcode.blog-list-shortcode-id-aa6bb2032ae5124abf2b5e3459ec442e .gallery-zoom-ico:before {\n  color: #ffffff;\n}\n.blog-shortcode.blog-list-shortcode-id-aa6bb2032ae5124abf2b5e3459ec442e .fancy-date a {\n  background: #ffffff;\n  box-shadow: none;\n}\n.blog-shortcode.blog-list-shortcode-id-aa6bb2032ae5124abf2b5e3459ec442e .fancy-date a * {\n  color: #2d2d2d;\n}\n.blog-shortcode.blog-list-shortcode-id-aa6bb2032ae5124abf2b5e3459ec442e .entry-title,\n.blog-shortcode.blog-list-shortcode-id-aa6bb2032ae5124abf2b5e3459ec442e.owl-carousel .entry-title {\n  margin-bottom: 5px;\n  font-weight: bold;\n}\n.blog-shortcode.blog-list-shortcode-id-aa6bb2032ae5124abf2b5e3459ec442e .entry-meta {\n  margin-bottom: 15px;\n}\n.blog-shortcode.blog-list-shortcode-id-aa6bb2032ae5124abf2b5e3459ec442e .portfolio-categories {\n  margin-bottom: 15px;\n}\n.blog-shortcode.blog-list-shortcode-id-aa6bb2032ae5124abf2b5e3459ec442e .entry-excerpt {\n  margin-bottom: 5px;\n}\n.blog-shortcode.blog-list-shortcode-id-aa6bb2032ae5124abf2b5e3459ec442e:not(.centered-layout-list) .post-entry-content {\n  padding: 15px 20px 20px 0px;\n}\n.blog-shortcode.blog-list-shortcode-id-aa6bb2032ae5124abf2b5e3459ec442e:not(.centered-layout-list):not(.content-bg-on):not(.mode-list) .no-img .post-entry-content {\n  padding: 0;\n}\n@media screen and (max-width: 768px) {\n  .blog-shortcode.blog-list-shortcode-id-aa6bb2032ae5124abf2b5e3459ec442e article {\n    -ms-flex-flow: column nowrap;\n    flex-flow: column nowrap;\n    margin-top: 20px;\n  }\n  .blog-shortcode.blog-list-shortcode-id-aa6bb2032ae5124abf2b5e3459ec442e.dividers-on article {\n    border: none;\n  }\n  .blog-shortcode.blog-list-shortcode-id-aa6bb2032ae5124abf2b5e3459ec442e.content-bg-on.centered-layout-list article {\n    padding: 0;\n  }\n  .blog-shortcode.blog-list-shortcode-id-aa6bb2032ae5124abf2b5e3459ec442e.blog-shortcode.dividers-on article,\n  .blog-shortcode.blog-list-shortcode-id-aa6bb2032ae5124abf2b5e3459ec442e.dividers-on.classic-layout-list article {\n    margin-top: 20px;\n    padding: 0;\n  }\n  .blog-shortcode.blog-list-shortcode-id-aa6bb2032ae5124abf2b5e3459ec442e.blog-shortcode.dividers-on article:first-of-type,\n  .blog-shortcode.blog-list-shortcode-id-aa6bb2032ae5124abf2b5e3459ec442e.dividers-on.classic-layout-list article:first-of-type {\n    padding: 0;\n  }\n  #page .blog-shortcode.blog-list-shortcode-id-aa6bb2032ae5124abf2b5e3459ec442e .post-thumbnail-wrap,\n  #page .blog-shortcode.blog-list-shortcode-id-aa6bb2032ae5124abf2b5e3459ec442e .post-entry-content {\n    width: 100%;\n    margin: 0;\n    top: 0;\n  }\n  #page .blog-shortcode.blog-list-shortcode-id-aa6bb2032ae5124abf2b5e3459ec442e .post-thumbnail-wrap {\n    padding: 0;\n  }\n  #page .blog-shortcode.blog-list-shortcode-id-aa6bb2032ae5124abf2b5e3459ec442e .post-entry-content:after {\n    display: none;\n  }\n  #page .blog-shortcode.blog-list-shortcode-id-aa6bb2032ae5124abf2b5e3459ec442e .project-even .post-thumbnail-wrap,\n  #page .blog-shortcode.blog-list-shortcode-id-aa6bb2032ae5124abf2b5e3459ec442e.centered-layout-list .post-thumbnail-wrap {\n    -ms-flex-order: 0;\n    order: 0;\n  }\n  #page .blog-shortcode.blog-list-shortcode-id-aa6bb2032ae5124abf2b5e3459ec442e.centered-layout-list .post-entry-title-content {\n    -ms-flex-order: 1;\n    order: 1;\n    width: 100%;\n    padding: 20px 20px 0;\n  }\n  #page .blog-shortcode.blog-list-shortcode-id-aa6bb2032ae5124abf2b5e3459ec442e.centered-layout-list .post-entry-content {\n    -ms-flex-order: 2;\n    order: 2;\n    padding-top: 0;\n  }\n  #page .blog-shortcode.blog-list-shortcode-id-aa6bb2032ae5124abf2b5e3459ec442e .fancy-categories {\n    top: 10px;\n    left: 10px;\n    bottom: auto;\n    right: auto;\n  }\n  #page .blog-shortcode.blog-list-shortcode-id-aa6bb2032ae5124abf2b5e3459ec442e .fancy-date a {\n    top: 10px;\n    right: 10px;\n    left: auto;\n    bottom: auto;\n  }\n  #page .blog-shortcode.blog-list-shortcode-id-aa6bb2032ae5124abf2b5e3459ec442e .post-entry-content {\n    padding: 20px;\n  }\n  #page .blog-shortcode.blog-list-shortcode-id-aa6bb2032ae5124abf2b5e3459ec442e .entry-title {\n    margin: 3px 0 5px;\n    font-size: 20px;\n    line-height: 26px;\n  }\n  #page .blog-shortcode.blog-list-shortcode-id-aa6bb2032ae5124abf2b5e3459ec442e .entry-meta {\n    margin: 5px 0 5px;\n  }\n  #page .blog-shortcode.blog-list-shortcode-id-aa6bb2032ae5124abf2b5e3459ec442e .entry-excerpt {\n    margin: 15px 0 0;\n  }\n  #page .blog-shortcode.blog-list-shortcode-id-aa6bb2032ae5124abf2b5e3459ec442e .post-details {\n    margin: 5px 0 10px;\n  }\n  #page .blog-shortcode.blog-list-shortcode-id-aa6bb2032ae5124abf2b5e3459ec442e .post-details.details-type-link {\n    margin-bottom: 2px;\n  }\n}\n<\/style><div class=\"articles-list blog-shortcode mode-list blog-list-shortcode-id-aa6bb2032ae5124abf2b5e3459ec442e classic-layout-list dividers-on jquery-filter scale-img dt-icon-bg-off loading-effect-fade-in\" data-cur-page=\"1\" data-post-limit=\"-1\" data-pagination-mode=\"none\"><article class=\"post project-odd visible no-img post-3086 type-post status-publish format-standard hentry category-zp category-zapytania-ofertowe category-5 category-22 description-off\" data-name=\"ZAPYTANIE OFERTOWE 3\/2026\/AOS w zwi\u0105zku z realizacj\u0105 Przedsi\u0119wzi\u0119cia w ramach Projektu grantowego pn. \u201eDost\u0119pno\u015b\u0107 Plus dla AOS\u201d, realizowanego w ramach Dzia\u0142ania FERS.03.07 programu Fundusze Europejskie dla Rozwoju Spo\u0142ecznego 2021-2027, okre\u015blonego we wniosku o dofinansowanie projektu nr FERS.03.07-IP.07-0001\/23, kt\u00f3rego Beneficjentem jest Minister Zdrowia, wsp\u00f3\u0142finansowanego ze \u015brodk\u00f3w Europejskiego Funduszu Spo\u0142ecznego Plus\" data-date=\"2026-08-18T13:54:21+02:00\">\n\n<div class=\"post-entry-content\">\n\n\t<h3 class=\"entry-title\">\n\t\t<a href=\"https:\/\/bip.cmradzymin.pl\/index.php\/2026\/08\/18\/zapytanie-ofertowe-3-2026-aos-w-zwiazku-z-realizacja-przedsiewziecia-w-ramach-projektu-grantowego-pn-dostepnosc-plus-dla-aos-realizowanego-w-ramach-dzialania-fers-03-07-programu-fu\/\" title=\"ZAPYTANIE OFERTOWE 3\/2026\/AOS w zwi\u0105zku z realizacj\u0105 Przedsi\u0119wzi\u0119cia w ramach Projektu grantowego pn. \u201eDost\u0119pno\u015b\u0107 Plus dla AOS\u201d, realizowanego w ramach Dzia\u0142ania FERS.03.07 programu Fundusze Europejskie dla Rozwoju Spo\u0142ecznego 2021-2027, okre\u015blonego we wniosku o dofinansowanie projektu nr FERS.03.07-IP.07-0001\/23, kt\u00f3rego Beneficjentem jest Minister Zdrowia, wsp\u00f3\u0142finansowanego ze \u015brodk\u00f3w Europejskiego Funduszu Spo\u0142ecznego Plus\" rel=\"bookmark\">ZAPYTANIE OFERTOWE 3\/2026\/AOS w zwi\u0105zku z realizacj\u0105 Przedsi\u0119wzi\u0119cia w ramach Projektu grantowego pn. \u201eDost\u0119pno\u015b\u0107 Plus dla AOS\u201d, realizowanego w ramach Dzia\u0142ania FERS.03.07 programu Fundusze Europejskie dla Rozwoju Spo\u0142ecznego 2021-2027, okre\u015blonego we wniosku o dofinansowanie projektu nr FERS.03.07-IP.07-0001\/23, kt\u00f3rego Beneficjentem jest Minister Zdrowia, wsp\u00f3\u0142finansowanego ze \u015brodk\u00f3w Europejskiego Funduszu Spo\u0142ecznego Plus<\/a>\n\t<\/h3>\n\n\t<div class=\"entry-meta\"><a href=\"https:\/\/bip.cmradzymin.pl\/index.php\/2026\/08\/18\/\" title=\"13:54\" class=\"data-link\" rel=\"bookmark\"><time class=\"entry-date updated\" datetime=\"2026-08-18T13:54:21+02:00\">2026-08-18<\/time><\/a><\/div>\n\t\n\t\n<a href=\"https:\/\/bip.cmradzymin.pl\/index.php\/2026\/08\/18\/zapytanie-ofertowe-3-2026-aos-w-zwiazku-z-realizacja-przedsiewziecia-w-ramach-projektu-grantowego-pn-dostepnosc-plus-dla-aos-realizowanego-w-ramach-dzialania-fers-03-07-programu-fu\/\" class=\"post-details details-type-link\" aria-label=\"Read more about ZAPYTANIE OFERTOWE 3\/2026\/AOS w zwi\u0105zku z realizacj\u0105 Przedsi\u0119wzi\u0119cia w ramach Projektu grantowego pn. \u201eDost\u0119pno\u015b\u0107 Plus dla AOS\u201d, realizowanego w ramach Dzia\u0142ania FERS.03.07 programu Fundusze Europejskie dla Rozwoju Spo\u0142ecznego 2021-2027, okre\u015blonego we wniosku o dofinansowanie projektu nr FERS.03.07-IP.07-0001\/23, kt\u00f3rego Beneficjentem jest Minister Zdrowia, wsp\u00f3\u0142finansowanego ze \u015brodk\u00f3w Europejskiego Funduszu Spo\u0142ecznego Plus\">Czytaj wi\u0119cej<i class=\"dt-icon-the7-arrow-03\" aria-hidden=\"true\"><\/i><\/a>\n\n<\/div><\/article><article class=\"post project-odd visible no-img post-3046 type-post status-publish format-standard hentry category-zp category-zapytania-ofertowe category-5 category-22 description-off\" data-name=\"ZAPYTANIE OFERTOWE 5\/2026\/AOS w zwi\u0105zku z realizacj\u0105 Przedsi\u0119wzi\u0119cia w ramach Projektu grantowego pn. \u201eDost\u0119pno\u015b\u0107 Plus dla AOS\u201d, realizowanego w ramach Dzia\u0142ania FERS.03.07 programu Fundusze Europejskie dla Rozwoju Spo\u0142ecznego 2021-2027, okre\u015blonego we wniosku o dofinansowanie projektu nr FERS.03.07-IP.07-0001\/23, kt\u00f3rego Beneficjentem jest Minister Zdrowia, wsp\u00f3\u0142finansowanego ze \u015brodk\u00f3w Europejskiego Funduszu Spo\u0142ecznego Plus\" data-date=\"2026-08-11T08:41:00+02:00\">\n\n<div class=\"post-entry-content\">\n\n\t<h3 class=\"entry-title\">\n\t\t<a href=\"https:\/\/bip.cmradzymin.pl\/index.php\/2026\/08\/11\/zapytanie-ofertowe-5-2026-aos-w-zwiazku-z-realizacja-przedsiewziecia-w-ramach-projektu-grantowego-pn-dostepnosc-plus-dla-aos-realizowanego-w-ramach-dzialania-fers-03-07-programu-fu\/\" title=\"ZAPYTANIE OFERTOWE 5\/2026\/AOS w zwi\u0105zku z realizacj\u0105 Przedsi\u0119wzi\u0119cia w ramach Projektu grantowego pn. \u201eDost\u0119pno\u015b\u0107 Plus dla AOS\u201d, realizowanego w ramach Dzia\u0142ania FERS.03.07 programu Fundusze Europejskie dla Rozwoju Spo\u0142ecznego 2021-2027, okre\u015blonego we wniosku o dofinansowanie projektu nr FERS.03.07-IP.07-0001\/23, kt\u00f3rego Beneficjentem jest Minister Zdrowia, wsp\u00f3\u0142finansowanego ze \u015brodk\u00f3w Europejskiego Funduszu Spo\u0142ecznego Plus\" rel=\"bookmark\">ZAPYTANIE OFERTOWE 5\/2026\/AOS w zwi\u0105zku z realizacj\u0105 Przedsi\u0119wzi\u0119cia w ramach Projektu grantowego pn. \u201eDost\u0119pno\u015b\u0107 Plus dla AOS\u201d, realizowanego w ramach Dzia\u0142ania FERS.03.07 programu Fundusze Europejskie dla Rozwoju Spo\u0142ecznego 2021-2027, okre\u015blonego we wniosku o dofinansowanie projektu nr FERS.03.07-IP.07-0001\/23, kt\u00f3rego Beneficjentem jest Minister Zdrowia, wsp\u00f3\u0142finansowanego ze \u015brodk\u00f3w Europejskiego Funduszu Spo\u0142ecznego Plus<\/a>\n\t<\/h3>\n\n\t<div class=\"entry-meta\"><a href=\"https:\/\/bip.cmradzymin.pl\/index.php\/2026\/08\/11\/\" title=\"08:41\" class=\"data-link\" rel=\"bookmark\"><time class=\"entry-date updated\" datetime=\"2026-08-11T08:41:00+02:00\">2026-08-11<\/time><\/a><\/div>\n\t\n\t\n<a href=\"https:\/\/bip.cmradzymin.pl\/index.php\/2026\/08\/11\/zapytanie-ofertowe-5-2026-aos-w-zwiazku-z-realizacja-przedsiewziecia-w-ramach-projektu-grantowego-pn-dostepnosc-plus-dla-aos-realizowanego-w-ramach-dzialania-fers-03-07-programu-fu\/\" class=\"post-details details-type-link\" aria-label=\"Read more about ZAPYTANIE OFERTOWE 5\/2026\/AOS w zwi\u0105zku z realizacj\u0105 Przedsi\u0119wzi\u0119cia w ramach Projektu grantowego pn. \u201eDost\u0119pno\u015b\u0107 Plus dla AOS\u201d, realizowanego w ramach Dzia\u0142ania FERS.03.07 programu Fundusze Europejskie dla Rozwoju Spo\u0142ecznego 2021-2027, okre\u015blonego we wniosku o dofinansowanie projektu nr FERS.03.07-IP.07-0001\/23, kt\u00f3rego Beneficjentem jest Minister Zdrowia, wsp\u00f3\u0142finansowanego ze \u015brodk\u00f3w Europejskiego Funduszu Spo\u0142ecznego Plus\">Czytaj wi\u0119cej<i class=\"dt-icon-the7-arrow-03\" aria-hidden=\"true\"><\/i><\/a>\n\n<\/div><\/article><article class=\"post project-odd visible no-img post-2994 type-post status-publish format-standard hentry category-zp category-zapytania-ofertowe category-5 category-22 description-off\" data-name=\"Przedmiot zam\u00f3wienia: Us\u0142uga odbioru i przekazania do zagospodarowania niesegregowanych (zmieszanych) odpad\u00f3w komunalnych oraz odbierania i przekazywania do instalacji odzysku lub unieszkodliwienia zebranych odpad\u00f3w komunalnych z Centrum Medycznego im. Bitwy Warszawskiej 1920 r. w Radzyminie &#8211; Samodzielny Publiczny Zesp\u00f3\u0142 Zak\u0142ad\u00f3w Opieki Zdrowotnej.\" data-date=\"2026-07-27T14:06:01+02:00\">\n\n<div class=\"post-entry-content\">\n\n\t<h3 class=\"entry-title\">\n\t\t<a href=\"https:\/\/bip.cmradzymin.pl\/index.php\/2026\/07\/27\/przedmiot-zamowienia-usluga-odbioru-i-przekazania-do-zagospodarowania-niesegregowanych-zmieszanych-odpadow-komunalnych-oraz-odbierania-i-przekazywania-do-instalacji-odzysku-lub-unieszkodliwienia-ze-2\/\" title=\"Przedmiot zam\u00f3wienia: Us\u0142uga odbioru i przekazania do zagospodarowania niesegregowanych (zmieszanych) odpad\u00f3w komunalnych oraz odbierania i przekazywania do instalacji odzysku lub unieszkodliwienia zebranych odpad\u00f3w komunalnych z Centrum Medycznego im. Bitwy Warszawskiej 1920 r. w Radzyminie &#8211; Samodzielny Publiczny Zesp\u00f3\u0142 Zak\u0142ad\u00f3w Opieki Zdrowotnej.\" rel=\"bookmark\">Przedmiot zam\u00f3wienia: Us\u0142uga odbioru i przekazania do zagospodarowania niesegregowanych (zmieszanych) odpad\u00f3w komunalnych oraz odbierania i przekazywania do instalacji odzysku lub unieszkodliwienia zebranych odpad\u00f3w komunalnych z Centrum Medycznego im. Bitwy Warszawskiej 1920 r. w Radzyminie &#8211; Samodzielny Publiczny Zesp\u00f3\u0142 Zak\u0142ad\u00f3w Opieki Zdrowotnej.<\/a>\n\t<\/h3>\n\n\t<div class=\"entry-meta\"><a href=\"https:\/\/bip.cmradzymin.pl\/index.php\/2026\/07\/27\/\" title=\"14:06\" class=\"data-link\" rel=\"bookmark\"><time class=\"entry-date updated\" datetime=\"2026-07-27T14:06:01+02:00\">2026-07-27<\/time><\/a><\/div>\n\t\n\t\n<a href=\"https:\/\/bip.cmradzymin.pl\/index.php\/2026\/07\/27\/przedmiot-zamowienia-usluga-odbioru-i-przekazania-do-zagospodarowania-niesegregowanych-zmieszanych-odpadow-komunalnych-oraz-odbierania-i-przekazywania-do-instalacji-odzysku-lub-unieszkodliwienia-ze-2\/\" class=\"post-details details-type-link\" aria-label=\"Read more about Przedmiot zam\u00f3wienia: Us\u0142uga odbioru i przekazania do zagospodarowania niesegregowanych (zmieszanych) odpad\u00f3w komunalnych oraz odbierania i przekazywania do instalacji odzysku lub unieszkodliwienia zebranych odpad\u00f3w komunalnych z Centrum Medycznego im. Bitwy Warszawskiej 1920 r. w Radzyminie &#8211; Samodzielny Publiczny Zesp\u00f3\u0142 Zak\u0142ad\u00f3w Opieki Zdrowotnej.\">Czytaj wi\u0119cej<i class=\"dt-icon-the7-arrow-03\" aria-hidden=\"true\"><\/i><\/a>\n\n<\/div><\/article><article class=\"post project-odd visible no-img post-2956 type-post status-publish format-standard hentry category-zp category-zapytania-ofertowe category-5 category-22 description-off\" data-name=\"Zakup i dostawa sprz\u0119tu medycznego dla Centrum Medyczne im. Bitwy Warszawskiej 1920 r. w Radzyminie \u2013 SPZZOZ 2.1. Sprz\u0119t dla s\u0142abowidz\u0105cych do czytania drobnego tekstu. 2.2  Zakup przeno\u015bnych p\u0119tli indukcyjnych  2.3. Fotel ginekologiczny  2.4.  Regulowana le\u017canka medyczna do bada\u0144 USG 2.5.  Mobilny analizator sk\u0142adu masy cia\u0142a\" data-date=\"2026-07-21T13:16:14+02:00\">\n\n<div class=\"post-entry-content\">\n\n\t<h3 class=\"entry-title\">\n\t\t<a href=\"https:\/\/bip.cmradzymin.pl\/index.php\/2026\/07\/21\/zakup-i-dostawa-sprzetu-medycznego-dla-centrum-medyczne-im-bitwy-warszawskiej-1920-r-w-radzyminie-spzzoz-2-1-sprzet-dla-slabowidzacych-do-czytania-drobnego-tekstu-2-2-zakup-przenosnych\/\" title=\"Zakup i dostawa sprz\u0119tu medycznego dla Centrum Medyczne im. Bitwy Warszawskiej 1920 r. w Radzyminie \u2013 SPZZOZ 2.1. Sprz\u0119t dla s\u0142abowidz\u0105cych do czytania drobnego tekstu. 2.2  Zakup przeno\u015bnych p\u0119tli indukcyjnych  2.3. Fotel ginekologiczny  2.4.  Regulowana le\u017canka medyczna do bada\u0144 USG 2.5.  Mobilny analizator sk\u0142adu masy cia\u0142a\" rel=\"bookmark\">Zakup i dostawa sprz\u0119tu medycznego dla Centrum Medyczne im. Bitwy Warszawskiej 1920 r. w Radzyminie \u2013 SPZZOZ 2.1. Sprz\u0119t dla s\u0142abowidz\u0105cych do czytania drobnego tekstu. 2.2  Zakup przeno\u015bnych p\u0119tli indukcyjnych  2.3. Fotel ginekologiczny  2.4.  Regulowana le\u017canka medyczna do bada\u0144 USG 2.5.  Mobilny analizator sk\u0142adu masy cia\u0142a<\/a>\n\t<\/h3>\n\n\t<div class=\"entry-meta\"><a href=\"https:\/\/bip.cmradzymin.pl\/index.php\/2026\/07\/21\/\" title=\"13:16\" class=\"data-link\" rel=\"bookmark\"><time class=\"entry-date updated\" datetime=\"2026-07-21T13:16:14+02:00\">2026-07-21<\/time><\/a><\/div>\n\t\n\t\n<a href=\"https:\/\/bip.cmradzymin.pl\/index.php\/2026\/07\/21\/zakup-i-dostawa-sprzetu-medycznego-dla-centrum-medyczne-im-bitwy-warszawskiej-1920-r-w-radzyminie-spzzoz-2-1-sprzet-dla-slabowidzacych-do-czytania-drobnego-tekstu-2-2-zakup-przenosnych\/\" class=\"post-details details-type-link\" aria-label=\"Read more about Zakup i dostawa sprz\u0119tu medycznego dla Centrum Medyczne im. Bitwy Warszawskiej 1920 r. w Radzyminie \u2013 SPZZOZ 2.1. Sprz\u0119t dla s\u0142abowidz\u0105cych do czytania drobnego tekstu. 2.2  Zakup przeno\u015bnych p\u0119tli indukcyjnych  2.3. Fotel ginekologiczny  2.4.  Regulowana le\u017canka medyczna do bada\u0144 USG 2.5.  Mobilny analizator sk\u0142adu masy cia\u0142a\">Czytaj wi\u0119cej<i class=\"dt-icon-the7-arrow-03\" aria-hidden=\"true\"><\/i><\/a>\n\n<\/div><\/article><article class=\"post project-odd visible no-img post-2866 type-post status-publish format-standard hentry category-zp category-zapytania-ofertowe category-5 category-22 description-off\" data-name=\"Sukcesywna dostawa \u015brodk\u00f3w czysto\u015bci dla Centrum Medyczne im. Bitwy Warszawskiej 1920 r. w Radzyminie\" data-date=\"2026-05-20T13:27:09+02:00\">\n\n<div class=\"post-entry-content\">\n\n\t<h3 class=\"entry-title\">\n\t\t<a href=\"https:\/\/bip.cmradzymin.pl\/index.php\/2026\/05\/20\/sukcesywna-dostawa-srodkow-czystosci-dla-centrum-medyczne-im-bitwy-warszawskiej-1920-r-w-radzyminie\/\" title=\"Sukcesywna dostawa \u015brodk\u00f3w czysto\u015bci dla Centrum Medyczne im. Bitwy Warszawskiej 1920 r. w Radzyminie\" rel=\"bookmark\">Sukcesywna dostawa \u015brodk\u00f3w czysto\u015bci dla Centrum Medyczne im. Bitwy Warszawskiej 1920 r. w Radzyminie<\/a>\n\t<\/h3>\n\n\t<div class=\"entry-meta\"><a href=\"https:\/\/bip.cmradzymin.pl\/index.php\/2026\/05\/20\/\" title=\"13:27\" class=\"data-link\" rel=\"bookmark\"><time class=\"entry-date updated\" datetime=\"2026-05-20T13:27:09+02:00\">2026-05-20<\/time><\/a><\/div>\n\t\n\t\n<a href=\"https:\/\/bip.cmradzymin.pl\/index.php\/2026\/05\/20\/sukcesywna-dostawa-srodkow-czystosci-dla-centrum-medyczne-im-bitwy-warszawskiej-1920-r-w-radzyminie\/\" class=\"post-details details-type-link\" aria-label=\"Read more about Sukcesywna dostawa \u015brodk\u00f3w czysto\u015bci dla Centrum Medyczne im. Bitwy Warszawskiej 1920 r. w Radzyminie\">Czytaj wi\u0119cej<i class=\"dt-icon-the7-arrow-03\" aria-hidden=\"true\"><\/i><\/a>\n\n<\/div><\/article><article class=\"post project-odd visible no-img post-2848 type-post status-publish format-standard hentry category-zp category-zapytania-ofertowe category-5 category-22 description-off\" data-name=\"Sukcesywna dostawa \u015brodk\u00f3w dezynfekcyjnych  dla Centrum Medycznego im. Bitwy Warszawskiej 1920 r. w Radzyminie.\" data-date=\"2026-05-20T12:58:39+02:00\">\n\n<div class=\"post-entry-content\">\n\n\t<h3 class=\"entry-title\">\n\t\t<a href=\"https:\/\/bip.cmradzymin.pl\/index.php\/2026\/05\/20\/sukcesywna-dostawa-srodkow-dezynfekcyjnych-dla-centrum-medycznego-im-bitwy-warszawskiej-1920-r-w-radzyminie\/\" title=\"Sukcesywna dostawa \u015brodk\u00f3w dezynfekcyjnych  dla Centrum Medycznego im. Bitwy Warszawskiej 1920 r. w Radzyminie.\" rel=\"bookmark\">Sukcesywna dostawa \u015brodk\u00f3w dezynfekcyjnych  dla Centrum Medycznego im. Bitwy Warszawskiej 1920 r. w Radzyminie.<\/a>\n\t<\/h3>\n\n\t<div class=\"entry-meta\"><a href=\"https:\/\/bip.cmradzymin.pl\/index.php\/2026\/05\/20\/\" title=\"12:58\" class=\"data-link\" rel=\"bookmark\"><time class=\"entry-date updated\" datetime=\"2026-05-20T12:58:39+02:00\">2026-05-20<\/time><\/a><\/div>\n\t\n\t\n<a href=\"https:\/\/bip.cmradzymin.pl\/index.php\/2026\/05\/20\/sukcesywna-dostawa-srodkow-dezynfekcyjnych-dla-centrum-medycznego-im-bitwy-warszawskiej-1920-r-w-radzyminie\/\" class=\"post-details details-type-link\" aria-label=\"Read more about Sukcesywna dostawa \u015brodk\u00f3w dezynfekcyjnych  dla Centrum Medycznego im. Bitwy Warszawskiej 1920 r. w Radzyminie.\">Czytaj wi\u0119cej<i class=\"dt-icon-the7-arrow-03\" aria-hidden=\"true\"><\/i><\/a>\n\n<\/div><\/article><article class=\"post project-odd visible no-img post-2796 type-post status-publish format-standard hentry category-zp category-zapytania-ofertowe category-5 category-22 description-off\" data-name=\"Wykonanie, dostawa oraz monta\u017c zabudowy meblowej recepcji oraz strefy rejestracji i informacji [ Wyposa\u017cenie rejestracji\/recepcji]\" data-date=\"2026-04-29T14:53:33+02:00\">\n\n<div class=\"post-entry-content\">\n\n\t<h3 class=\"entry-title\">\n\t\t<a href=\"https:\/\/bip.cmradzymin.pl\/index.php\/2026\/04\/29\/wykonanie-dostawa-oraz-montaz-zabudowy-meblowej-recepcji-oraz-strefy-rejestracji-i-informacji-wyposazenie-rejestracji-recepcji\/\" title=\"Wykonanie, dostawa oraz monta\u017c zabudowy meblowej recepcji oraz strefy rejestracji i informacji [ Wyposa\u017cenie rejestracji\/recepcji]\" rel=\"bookmark\">Wykonanie, dostawa oraz monta\u017c zabudowy meblowej recepcji oraz strefy rejestracji i informacji [ Wyposa\u017cenie rejestracji\/recepcji]<\/a>\n\t<\/h3>\n\n\t<div class=\"entry-meta\"><a href=\"https:\/\/bip.cmradzymin.pl\/index.php\/2026\/04\/29\/\" title=\"14:53\" class=\"data-link\" rel=\"bookmark\"><time class=\"entry-date updated\" datetime=\"2026-04-29T14:53:33+02:00\">2026-04-29<\/time><\/a><\/div>\n\t\n\t\n<a href=\"https:\/\/bip.cmradzymin.pl\/index.php\/2026\/04\/29\/wykonanie-dostawa-oraz-montaz-zabudowy-meblowej-recepcji-oraz-strefy-rejestracji-i-informacji-wyposazenie-rejestracji-recepcji\/\" class=\"post-details details-type-link\" aria-label=\"Read more about Wykonanie, dostawa oraz monta\u017c zabudowy meblowej recepcji oraz strefy rejestracji i informacji [ Wyposa\u017cenie rejestracji\/recepcji]\">Czytaj wi\u0119cej<i class=\"dt-icon-the7-arrow-03\" aria-hidden=\"true\"><\/i><\/a>\n\n<\/div><\/article><article class=\"post project-odd visible no-img post-2556 type-post status-publish format-standard hentry category-zp category-zapytania-ofertowe category-5 category-22 description-off\" data-name=\"Numer sprawy: 2026\/3\/ZO Us\u0142ugi odbioru, transportu i utylizacji (unieszkodliwiania) odpad\u00f3w medycznych z Centrum Medycznego im. Bitwy Warszawskiej 1920 r. w Radzyminie \u2013 Samodzielny Publiczny Zesp\u00f3\u0142 Zak\u0142ad\u00f3w Opieki Zdrowotnej, ul. Konstytucji 3 Maja 17, 05-250 Radzymin, oraz z Filii w D\u0105br\u00f3wce, Filii w Woli Rasztowskiej oraz Filii w Kuligowie.\" data-date=\"2026-01-30T14:29:32+01:00\">\n\n<div class=\"post-entry-content\">\n\n\t<h3 class=\"entry-title\">\n\t\t<a href=\"https:\/\/bip.cmradzymin.pl\/index.php\/2026\/01\/30\/numer-sprawy-2026-3-zo\/\" title=\"Numer sprawy: 2026\/3\/ZO Us\u0142ugi odbioru, transportu i utylizacji (unieszkodliwiania) odpad\u00f3w medycznych z Centrum Medycznego im. Bitwy Warszawskiej 1920 r. w Radzyminie \u2013 Samodzielny Publiczny Zesp\u00f3\u0142 Zak\u0142ad\u00f3w Opieki Zdrowotnej, ul. Konstytucji 3 Maja 17, 05-250 Radzymin, oraz z Filii w D\u0105br\u00f3wce, Filii w Woli Rasztowskiej oraz Filii w Kuligowie.\" rel=\"bookmark\">Numer sprawy: 2026\/3\/ZO Us\u0142ugi odbioru, transportu i utylizacji (unieszkodliwiania) odpad\u00f3w medycznych z Centrum Medycznego im. Bitwy Warszawskiej 1920 r. w Radzyminie \u2013 Samodzielny Publiczny Zesp\u00f3\u0142 Zak\u0142ad\u00f3w Opieki Zdrowotnej, ul. Konstytucji 3 Maja 17, 05-250 Radzymin, oraz z Filii w D\u0105br\u00f3wce, Filii w Woli Rasztowskiej oraz Filii w Kuligowie.<\/a>\n\t<\/h3>\n\n\t<div class=\"entry-meta\"><a href=\"https:\/\/bip.cmradzymin.pl\/index.php\/2026\/01\/30\/\" title=\"14:29\" class=\"data-link\" rel=\"bookmark\"><time class=\"entry-date updated\" datetime=\"2026-01-30T14:29:32+01:00\">2026-01-30<\/time><\/a><\/div>\n\t\n\t\n<a href=\"https:\/\/bip.cmradzymin.pl\/index.php\/2026\/01\/30\/numer-sprawy-2026-3-zo\/\" class=\"post-details details-type-link\" aria-label=\"Read more about Numer sprawy: 2026\/3\/ZO Us\u0142ugi odbioru, transportu i utylizacji (unieszkodliwiania) odpad\u00f3w medycznych z Centrum Medycznego im. Bitwy Warszawskiej 1920 r. w Radzyminie \u2013 Samodzielny Publiczny Zesp\u00f3\u0142 Zak\u0142ad\u00f3w Opieki Zdrowotnej, ul. Konstytucji 3 Maja 17, 05-250 Radzymin, oraz z Filii w D\u0105br\u00f3wce, Filii w Woli Rasztowskiej oraz Filii w Kuligowie.\">Czytaj wi\u0119cej<i class=\"dt-icon-the7-arrow-03\" aria-hidden=\"true\"><\/i><\/a>\n\n<\/div><\/article><article class=\"post project-odd visible no-img post-2515 type-post status-publish format-standard hentry category-zp category-zapytania-ofertowe category-5 category-22 description-off\" data-name=\"Sukcesywna dostawa materia\u0142\u00f3w jednorazowych dla Centrum Medyczne im. Bitwy Warszawskiej 1920r. w Radzyminie. Numer sprawy: 2026\/2\/ZO\" data-date=\"2026-01-29T13:29:12+01:00\">\n\n<div class=\"post-entry-content\">\n\n\t<h3 class=\"entry-title\">\n\t\t<a href=\"https:\/\/bip.cmradzymin.pl\/index.php\/2026\/01\/29\/sukcesywna-dostawa-materialow-jednorazowych-dla-centrum-medyczne-im-bitwy-warszawskiej-1920r-w-radzyminie-numer-sprawy-2026-2-zo\/\" title=\"Sukcesywna dostawa materia\u0142\u00f3w jednorazowych dla Centrum Medyczne im. Bitwy Warszawskiej 1920r. w Radzyminie. Numer sprawy: 2026\/2\/ZO\" rel=\"bookmark\">Sukcesywna dostawa materia\u0142\u00f3w jednorazowych dla Centrum Medyczne im. Bitwy Warszawskiej 1920r. w Radzyminie. Numer sprawy: 2026\/2\/ZO<\/a>\n\t<\/h3>\n\n\t<div class=\"entry-meta\"><a href=\"https:\/\/bip.cmradzymin.pl\/index.php\/2026\/01\/29\/\" title=\"13:29\" class=\"data-link\" rel=\"bookmark\"><time class=\"entry-date updated\" datetime=\"2026-01-29T13:29:12+01:00\">2026-01-29<\/time><\/a><\/div>\n\t\n\t\n<a href=\"https:\/\/bip.cmradzymin.pl\/index.php\/2026\/01\/29\/sukcesywna-dostawa-materialow-jednorazowych-dla-centrum-medyczne-im-bitwy-warszawskiej-1920r-w-radzyminie-numer-sprawy-2026-2-zo\/\" class=\"post-details details-type-link\" aria-label=\"Read more about Sukcesywna dostawa materia\u0142\u00f3w jednorazowych dla Centrum Medyczne im. Bitwy Warszawskiej 1920r. w Radzyminie. Numer sprawy: 2026\/2\/ZO\">Czytaj wi\u0119cej<i class=\"dt-icon-the7-arrow-03\" aria-hidden=\"true\"><\/i><\/a>\n\n<\/div><\/article><article class=\"post project-odd visible no-img post-2488 type-post status-publish format-standard hentry category-zp category-zapytania-ofertowe category-5 category-22 description-off\" data-name=\"Sukcesywna dostawa papieru ksero dla Centrum Medyczne im. Bitwy Warszawskiej 1920 r.  w Radzyminie. Numer sprawy: 2026\/1\/ZO\" data-date=\"2026-01-12T13:28:44+01:00\">\n\n<div class=\"post-entry-content\">\n\n\t<h3 class=\"entry-title\">\n\t\t<a href=\"https:\/\/bip.cmradzymin.pl\/index.php\/2026\/01\/12\/sukcesywna-dostawa-papieru-ksero-dla-centrum-medyczne-im-bitwy-warszawskiej-1920-r-w-radzyminie-numer-sprawy-2026-1-zo\/\" title=\"Sukcesywna dostawa papieru ksero dla Centrum Medyczne im. Bitwy Warszawskiej 1920 r.  w Radzyminie. Numer sprawy: 2026\/1\/ZO\" rel=\"bookmark\">Sukcesywna dostawa papieru ksero dla Centrum Medyczne im. Bitwy Warszawskiej 1920 r.  w Radzyminie. Numer sprawy: 2026\/1\/ZO<\/a>\n\t<\/h3>\n\n\t<div class=\"entry-meta\"><a href=\"https:\/\/bip.cmradzymin.pl\/index.php\/2026\/01\/12\/\" title=\"13:28\" class=\"data-link\" rel=\"bookmark\"><time class=\"entry-date updated\" datetime=\"2026-01-12T13:28:44+01:00\">2026-01-12<\/time><\/a><\/div>\n\t\n\t\n<a href=\"https:\/\/bip.cmradzymin.pl\/index.php\/2026\/01\/12\/sukcesywna-dostawa-papieru-ksero-dla-centrum-medyczne-im-bitwy-warszawskiej-1920-r-w-radzyminie-numer-sprawy-2026-1-zo\/\" class=\"post-details details-type-link\" aria-label=\"Read more about Sukcesywna dostawa papieru ksero dla Centrum Medyczne im. Bitwy Warszawskiej 1920 r.  w Radzyminie. Numer sprawy: 2026\/1\/ZO\">Czytaj wi\u0119cej<i class=\"dt-icon-the7-arrow-03\" aria-hidden=\"true\"><\/i><\/a>\n\n<\/div><\/article><article class=\"post project-odd visible no-img post-2362 type-post status-publish format-standard hentry category-zp category-zapytania-ofertowe category-5 category-22 description-off\" data-name=\"Zapytanie ofertowe na: wykonywanie us\u0142ug pralniczych i kompleksow\u0105 us\u0142ug\u0119 prania odzie\u017cy medycznej w  Centrum Medycznym  im. Bitwy Warszawskiej 1920 r. w Radzyminie\" data-date=\"2025-08-29T13:00:06+02:00\">\n\n<div class=\"post-entry-content\">\n\n\t<h3 class=\"entry-title\">\n\t\t<a href=\"https:\/\/bip.cmradzymin.pl\/index.php\/2025\/08\/29\/zapytanie-ofertowe-na-wykonywanie-uslug-pralniczych-i-kompleksowa-usluge-prania-odziezy-medycznej-w-centrum-medycznym-im-bitwy-warszawskiej-1920-r-w-radzyminie\/\" title=\"Zapytanie ofertowe na: wykonywanie us\u0142ug pralniczych i kompleksow\u0105 us\u0142ug\u0119 prania odzie\u017cy medycznej w  Centrum Medycznym  im. Bitwy Warszawskiej 1920 r. w Radzyminie\" rel=\"bookmark\">Zapytanie ofertowe na: wykonywanie us\u0142ug pralniczych i kompleksow\u0105 us\u0142ug\u0119 prania odzie\u017cy medycznej w  Centrum Medycznym  im. Bitwy Warszawskiej 1920 r. w Radzyminie<\/a>\n\t<\/h3>\n\n\t<div class=\"entry-meta\"><a href=\"https:\/\/bip.cmradzymin.pl\/index.php\/2025\/08\/29\/\" title=\"13:00\" class=\"data-link\" rel=\"bookmark\"><time class=\"entry-date updated\" datetime=\"2025-08-29T13:00:06+02:00\">2025-08-29<\/time><\/a><\/div>\n\t\n\t\n<a href=\"https:\/\/bip.cmradzymin.pl\/index.php\/2025\/08\/29\/zapytanie-ofertowe-na-wykonywanie-uslug-pralniczych-i-kompleksowa-usluge-prania-odziezy-medycznej-w-centrum-medycznym-im-bitwy-warszawskiej-1920-r-w-radzyminie\/\" class=\"post-details details-type-link\" aria-label=\"Read more about Zapytanie ofertowe na: wykonywanie us\u0142ug pralniczych i kompleksow\u0105 us\u0142ug\u0119 prania odzie\u017cy medycznej w  Centrum Medycznym  im. Bitwy Warszawskiej 1920 r. w Radzyminie\">Czytaj wi\u0119cej<i class=\"dt-icon-the7-arrow-03\" aria-hidden=\"true\"><\/i><\/a>\n\n<\/div><\/article><article class=\"post project-odd visible no-img post-2234 type-post status-publish format-standard hentry category-zp category-zapytania-ofertowe category-5 category-22 description-off\" data-name=\"Przedmiot zam\u00f3wienia: Sukcesywna dostawa \u015brodk\u00f3w dezynfekcyjnych dla Centrum Medyczne im. Bitwy Warszawskiej 1920r. w Radzyminie.\" data-date=\"2025-06-11T11:00:15+02:00\">\n\n<div class=\"post-entry-content\">\n\n\t<h3 class=\"entry-title\">\n\t\t<a href=\"https:\/\/bip.cmradzymin.pl\/index.php\/2025\/06\/11\/przedmiot-zamowienia-sukcesywna-dostawa-srodkow-dezynfekcyjnych-dla-centrum-medyczne-im-bitwy-warszawskiej-1920r-w-radzyminie\/\" title=\"Przedmiot zam\u00f3wienia: Sukcesywna dostawa \u015brodk\u00f3w dezynfekcyjnych dla Centrum Medyczne im. Bitwy Warszawskiej 1920r. w Radzyminie.\" rel=\"bookmark\">Przedmiot zam\u00f3wienia: Sukcesywna dostawa \u015brodk\u00f3w dezynfekcyjnych dla Centrum Medyczne im. Bitwy Warszawskiej 1920r. w Radzyminie.<\/a>\n\t<\/h3>\n\n\t<div class=\"entry-meta\"><a href=\"https:\/\/bip.cmradzymin.pl\/index.php\/2025\/06\/11\/\" title=\"11:00\" class=\"data-link\" rel=\"bookmark\"><time class=\"entry-date updated\" datetime=\"2025-06-11T11:00:15+02:00\">2025-06-11<\/time><\/a><\/div>\n\t\n\t\n<a href=\"https:\/\/bip.cmradzymin.pl\/index.php\/2025\/06\/11\/przedmiot-zamowienia-sukcesywna-dostawa-srodkow-dezynfekcyjnych-dla-centrum-medyczne-im-bitwy-warszawskiej-1920r-w-radzyminie\/\" class=\"post-details details-type-link\" aria-label=\"Read more about Przedmiot zam\u00f3wienia: Sukcesywna dostawa \u015brodk\u00f3w dezynfekcyjnych dla Centrum Medyczne im. Bitwy Warszawskiej 1920r. w Radzyminie.\">Czytaj wi\u0119cej<i class=\"dt-icon-the7-arrow-03\" aria-hidden=\"true\"><\/i><\/a>\n\n<\/div><\/article><article class=\"post project-odd visible no-img post-2109 type-post status-publish format-standard hentry category-zp category-zapytania-ofertowe category-5 category-22 description-off\" data-name=\"Sukcesywna dostawa \u015brodk\u00f3w czysto\u015bci dla Centrum Medyczne im. Bitwy Warszawskiej 1920r. w Radzyminie.\" data-date=\"2025-05-26T13:16:12+02:00\">\n\n<div class=\"post-entry-content\">\n\n\t<h3 class=\"entry-title\">\n\t\t<a href=\"https:\/\/bip.cmradzymin.pl\/index.php\/2025\/05\/26\/sukcesywna-dostawa-srodkow-czystosci-dla-centrum-medyczne-im-bitwy-warszawskiej-1920r-w-radzyminie\/\" title=\"Sukcesywna dostawa \u015brodk\u00f3w czysto\u015bci dla Centrum Medyczne im. Bitwy Warszawskiej 1920r. w Radzyminie.\" rel=\"bookmark\">Sukcesywna dostawa \u015brodk\u00f3w czysto\u015bci dla Centrum Medyczne im. Bitwy Warszawskiej 1920r. w Radzyminie.<\/a>\n\t<\/h3>\n\n\t<div class=\"entry-meta\"><a href=\"https:\/\/bip.cmradzymin.pl\/index.php\/2025\/05\/26\/\" title=\"13:16\" class=\"data-link\" rel=\"bookmark\"><time class=\"entry-date updated\" datetime=\"2025-05-26T13:16:12+02:00\">2025-05-26<\/time><\/a><\/div>\n\t\n\t\n<a href=\"https:\/\/bip.cmradzymin.pl\/index.php\/2025\/05\/26\/sukcesywna-dostawa-srodkow-czystosci-dla-centrum-medyczne-im-bitwy-warszawskiej-1920r-w-radzyminie\/\" class=\"post-details details-type-link\" aria-label=\"Read more about Sukcesywna dostawa \u015brodk\u00f3w czysto\u015bci dla Centrum Medyczne im. Bitwy Warszawskiej 1920r. w Radzyminie.\">Czytaj wi\u0119cej<i class=\"dt-icon-the7-arrow-03\" aria-hidden=\"true\"><\/i><\/a>\n\n<\/div><\/article><article class=\"post project-odd visible no-img post-2070 type-post status-publish format-standard hentry category-zp category-zapytania-ofertowe category-5 category-22 description-off\" data-name=\"Przedmiot zam\u00f3wienia: Sukcesywna dostawa lek\u00f3w i produkt\u00f3w farmaceutycznych dla Centrum Medyczne im. Bitwy Warszawskiej 1920r. w Radzyminie. Numer sprawy: 5\/2025\/ZO\" data-date=\"2025-05-09T12:57:07+02:00\">\n\n<div class=\"post-entry-content\">\n\n\t<h3 class=\"entry-title\">\n\t\t<a href=\"https:\/\/bip.cmradzymin.pl\/index.php\/2025\/05\/09\/przedmiot-zamowienia-sukcesywna-dostawa-lekow-i-produktow-farmaceutycznych-dla-centrum-medyczne-im-bitwy-warszawskiej-1920r-w-radzyminie-numer-sprawy-5-2025-zo\/\" title=\"Przedmiot zam\u00f3wienia: Sukcesywna dostawa lek\u00f3w i produkt\u00f3w farmaceutycznych dla Centrum Medyczne im. Bitwy Warszawskiej 1920r. w Radzyminie. Numer sprawy: 5\/2025\/ZO\" rel=\"bookmark\">Przedmiot zam\u00f3wienia: Sukcesywna dostawa lek\u00f3w i produkt\u00f3w farmaceutycznych dla Centrum Medyczne im. Bitwy Warszawskiej 1920r. w Radzyminie. Numer sprawy: 5\/2025\/ZO<\/a>\n\t<\/h3>\n\n\t<div class=\"entry-meta\"><a href=\"https:\/\/bip.cmradzymin.pl\/index.php\/2025\/05\/09\/\" title=\"12:57\" class=\"data-link\" rel=\"bookmark\"><time class=\"entry-date updated\" datetime=\"2025-05-09T12:57:07+02:00\">2025-05-09<\/time><\/a><\/div>\n\t\n\t\n<a href=\"https:\/\/bip.cmradzymin.pl\/index.php\/2025\/05\/09\/przedmiot-zamowienia-sukcesywna-dostawa-lekow-i-produktow-farmaceutycznych-dla-centrum-medyczne-im-bitwy-warszawskiej-1920r-w-radzyminie-numer-sprawy-5-2025-zo\/\" class=\"post-details details-type-link\" aria-label=\"Read more about Przedmiot zam\u00f3wienia: Sukcesywna dostawa lek\u00f3w i produkt\u00f3w farmaceutycznych dla Centrum Medyczne im. Bitwy Warszawskiej 1920r. w Radzyminie. Numer sprawy: 5\/2025\/ZO\">Czytaj wi\u0119cej<i class=\"dt-icon-the7-arrow-03\" aria-hidden=\"true\"><\/i><\/a>\n\n<\/div><\/article><article class=\"post project-odd visible no-img post-1986 type-post status-publish format-standard hentry category-zp category-zapytania-ofertowe category-5 category-22 description-off\" data-name=\"Opracowanie dokumentacji projektowej przebudowy wej\u015b\u0107 do budynku przychodni zdrowia zlokalizowanego w Radzyminie przy ul. Konstytucji 3 Maja 17, dz. nr ew. 67, ob. 05-04, pow. wo\u0142omi\u0144ski.\" data-date=\"2025-04-15T10:43:00+02:00\">\n\n<div class=\"post-entry-content\">\n\n\t<h3 class=\"entry-title\">\n\t\t<a href=\"https:\/\/bip.cmradzymin.pl\/index.php\/2025\/04\/15\/opracowanie-dokumentacji-projektowej-przebudowy-wejsc-do-budynku-przychodni-zdrowia-zlokalizowanego-w-radzyminie-przy-ul-konstytucji-3-maja-17-dz-nr-ew-67-ob-05-04-pow-wolominski\/\" title=\"Opracowanie dokumentacji projektowej przebudowy wej\u015b\u0107 do budynku przychodni zdrowia zlokalizowanego w Radzyminie przy ul. Konstytucji 3 Maja 17, dz. nr ew. 67, ob. 05-04, pow. wo\u0142omi\u0144ski.\" rel=\"bookmark\">Opracowanie dokumentacji projektowej przebudowy wej\u015b\u0107 do budynku przychodni zdrowia zlokalizowanego w Radzyminie przy ul. Konstytucji 3 Maja 17, dz. nr ew. 67, ob. 05-04, pow. wo\u0142omi\u0144ski.<\/a>\n\t<\/h3>\n\n\t<div class=\"entry-meta\"><a href=\"https:\/\/bip.cmradzymin.pl\/index.php\/2025\/04\/15\/\" title=\"10:43\" class=\"data-link\" rel=\"bookmark\"><time class=\"entry-date updated\" datetime=\"2025-04-15T10:43:00+02:00\">2025-04-15<\/time><\/a><\/div>\n\t\n\t\n<a href=\"https:\/\/bip.cmradzymin.pl\/index.php\/2025\/04\/15\/opracowanie-dokumentacji-projektowej-przebudowy-wejsc-do-budynku-przychodni-zdrowia-zlokalizowanego-w-radzyminie-przy-ul-konstytucji-3-maja-17-dz-nr-ew-67-ob-05-04-pow-wolominski\/\" class=\"post-details details-type-link\" aria-label=\"Read more about Opracowanie dokumentacji projektowej przebudowy wej\u015b\u0107 do budynku przychodni zdrowia zlokalizowanego w Radzyminie przy ul. Konstytucji 3 Maja 17, dz. nr ew. 67, ob. 05-04, pow. wo\u0142omi\u0144ski.\">Czytaj wi\u0119cej<i class=\"dt-icon-the7-arrow-03\" aria-hidden=\"true\"><\/i><\/a>\n\n<\/div><\/article><article class=\"post project-odd visible no-img post-1917 type-post status-publish format-standard hentry category-zp category-zapytania-ofertowe category-5 category-22 description-off\" data-name=\"Numer sprawy: ZO\/1B\/2025 Przedmiot zam\u00f3wienia: Dostawa toner\u00f3w i materia\u0142\u00f3w eksploatacyjnych do drukarek i urz\u0105dze\u0144 wielofunkcyjnych w Centrum Medycznym im. Bitwy Warszawskiej 1920 r. w Radzyminie.  Numer sprawy: ZO\/1B\/2025\" data-date=\"2025-03-24T11:05:02+01:00\">\n\n<div class=\"post-entry-content\">\n\n\t<h3 class=\"entry-title\">\n\t\t<a href=\"https:\/\/bip.cmradzymin.pl\/index.php\/2025\/03\/24\/numer-sprawy-zo-1b-2025-przedmiot-zamowienia-dostawa-tonerow-i-materialow-eksploatacyjnych-do-drukarek-i-urzadzen-wielofunkcyjnych-w-centrum-medycznym-im-bitwy-warszawskiej-1920-r-w-radzyminie-n\/\" title=\"Numer sprawy: ZO\/1B\/2025 Przedmiot zam\u00f3wienia: Dostawa toner\u00f3w i materia\u0142\u00f3w eksploatacyjnych do drukarek i urz\u0105dze\u0144 wielofunkcyjnych w Centrum Medycznym im. Bitwy Warszawskiej 1920 r. w Radzyminie.  Numer sprawy: ZO\/1B\/2025\" rel=\"bookmark\">Numer sprawy: ZO\/1B\/2025 Przedmiot zam\u00f3wienia: Dostawa toner\u00f3w i materia\u0142\u00f3w eksploatacyjnych do drukarek i urz\u0105dze\u0144 wielofunkcyjnych w Centrum Medycznym im. Bitwy Warszawskiej 1920 r. w Radzyminie.  Numer sprawy: ZO\/1B\/2025<\/a>\n\t<\/h3>\n\n\t<div class=\"entry-meta\"><a href=\"https:\/\/bip.cmradzymin.pl\/index.php\/2025\/03\/24\/\" title=\"11:05\" class=\"data-link\" rel=\"bookmark\"><time class=\"entry-date updated\" datetime=\"2025-03-24T11:05:02+01:00\">2025-03-24<\/time><\/a><\/div>\n\t\n\t\n<a href=\"https:\/\/bip.cmradzymin.pl\/index.php\/2025\/03\/24\/numer-sprawy-zo-1b-2025-przedmiot-zamowienia-dostawa-tonerow-i-materialow-eksploatacyjnych-do-drukarek-i-urzadzen-wielofunkcyjnych-w-centrum-medycznym-im-bitwy-warszawskiej-1920-r-w-radzyminie-n\/\" class=\"post-details details-type-link\" aria-label=\"Read more about Numer sprawy: ZO\/1B\/2025 Przedmiot zam\u00f3wienia: Dostawa toner\u00f3w i materia\u0142\u00f3w eksploatacyjnych do drukarek i urz\u0105dze\u0144 wielofunkcyjnych w Centrum Medycznym im. Bitwy Warszawskiej 1920 r. w Radzyminie.  Numer sprawy: ZO\/1B\/2025\">Czytaj wi\u0119cej<i class=\"dt-icon-the7-arrow-03\" aria-hidden=\"true\"><\/i><\/a>\n\n<\/div><\/article><article class=\"post project-odd visible no-img post-116 type-post status-publish format-standard hentry category-archiwum category-zp category-zapytania-ofertowe category-25 category-5 category-22 description-off\" data-name=\"Dzier\u017cawy analizatora parametr\u00f3w krytycznych wraz z kasetami na potrzeby Izby Przyj\u0119\u0107 w Centrum Medyczne im. Bitwy Warszawskiej 1920 r. w Radzyminie &#8211; Samodzielny Publiczny Zesp\u00f3\u0142 Zak\u0142ad\u00f3w Opieki Zdrowotnej, Konstytucji 3 Maja 17, 05-250 Radzymin.\" data-date=\"2023-07-13T23:07:05+02:00\">\n\n<div class=\"post-entry-content\">\n\n\t<h3 class=\"entry-title\">\n\t\t<a href=\"https:\/\/bip.cmradzymin.pl\/index.php\/2023\/07\/13\/dzierzawy-analizatora-parametrow-krytycznych-wraz-z-kasetami-na-potrzeby-izby-przyjec-w-centrum-medyczne-im-bitwy-warszawskiej-1920-r-w-radzyminie-samodzielny-publiczny-zespol-zakladow-opieki-zdro\/\" title=\"Dzier\u017cawy analizatora parametr\u00f3w krytycznych wraz z kasetami na potrzeby Izby Przyj\u0119\u0107 w Centrum Medyczne im. Bitwy Warszawskiej 1920 r. w Radzyminie &#8211; Samodzielny Publiczny Zesp\u00f3\u0142 Zak\u0142ad\u00f3w Opieki Zdrowotnej, Konstytucji 3 Maja 17, 05-250 Radzymin.\" rel=\"bookmark\">Dzier\u017cawy analizatora parametr\u00f3w krytycznych wraz z kasetami na potrzeby Izby Przyj\u0119\u0107 w Centrum Medyczne im. Bitwy Warszawskiej 1920 r. w Radzyminie &#8211; Samodzielny Publiczny Zesp\u00f3\u0142 Zak\u0142ad\u00f3w Opieki Zdrowotnej, Konstytucji 3 Maja 17, 05-250 Radzymin.<\/a>\n\t<\/h3>\n\n\t<div class=\"entry-meta\"><a href=\"https:\/\/bip.cmradzymin.pl\/index.php\/2023\/07\/13\/\" title=\"23:07\" class=\"data-link\" rel=\"bookmark\"><time class=\"entry-date updated\" datetime=\"2023-07-13T23:07:05+02:00\">2023-07-13<\/time><\/a><\/div>\n\t\n\t\n<a href=\"https:\/\/bip.cmradzymin.pl\/index.php\/2023\/07\/13\/dzierzawy-analizatora-parametrow-krytycznych-wraz-z-kasetami-na-potrzeby-izby-przyjec-w-centrum-medyczne-im-bitwy-warszawskiej-1920-r-w-radzyminie-samodzielny-publiczny-zespol-zakladow-opieki-zdro\/\" class=\"post-details details-type-link\" aria-label=\"Read more about Dzier\u017cawy analizatora parametr\u00f3w krytycznych wraz z kasetami na potrzeby Izby Przyj\u0119\u0107 w Centrum Medyczne im. Bitwy Warszawskiej 1920 r. w Radzyminie &#8211; Samodzielny Publiczny Zesp\u00f3\u0142 Zak\u0142ad\u00f3w Opieki Zdrowotnej, Konstytucji 3 Maja 17, 05-250 Radzymin.\">Czytaj wi\u0119cej<i class=\"dt-icon-the7-arrow-03\" aria-hidden=\"true\"><\/i><\/a>\n\n<\/div><\/article><\/div>[\/vc_column][\/vc_row][vc_row][vc_column][vc_column_text]\r\n\r\n\r\n\r\n\r\n[\/vc_column_text][vc_column_text]<hr class=\"hr_metryka\"><h4>\tMetryka<\/h4> <strong>Informacj\u0119 udost\u0119pni\u0142:<\/strong> Centrum Medyczne im. Bitwy Warszawskie 1920 r w Radzyminie<br \/>\tSamodzielny Publiczny Zesp\u00f3\u0142 Zak\u0142ad\u00f3w Opieki Zdrowotnej<br \/>\t<strong>Wytwarzaj\u0105cy \/ odpowiadaj\u0105cy:<\/strong> admin_bipcmr <br \/>\t<strong>Informacj\u0119 wprowadzi\u0142:<\/strong> admin_bipcmr <br \/>\t<strong>Data publikacji:<\/strong> 2023-07-13  <br \/>\t<strong>Ostatnia modyfikacja:<\/strong> 2024-06-10 17:11 przez admin_bipcmr <\/p>\n<div class=\"post-views content-post post-59 entry-meta\">\r\n\t\t\t\t<span class=\"post-views-label\">Ilo\u015b\u0107 wy\u015bwietle\u0144 strony:<\/span> <span class=\"post-views-count\">2&nbsp;088<\/span>\r\n\t\t\t<\/div>[\/vc_column_text][\/vc_column][\/vc_row]<\/p>\n<\/section>","protected":false},"excerpt":{"rendered":"<p>[vc_row][vc_column][\/vc_column][\/vc_row][vc_row][vc_column][vc_column_text][\/vc_column_text][vc_column_text] [\/vc_column_text][\/vc_column][\/vc_row]<\/p>\n","protected":false},"author":1,"featured_media":0,"parent":0,"menu_order":0,"comment_status":"closed","ping_status":"closed","template":"","meta":{"_lmt_disableupdate":"no","_lmt_disable":"no","footnotes":""},"_links":{"self":[{"href":"https:\/\/bip.cmradzymin.pl\/index.php\/wp-json\/wp\/v2\/pages\/59"}],"collection":[{"href":"https:\/\/bip.cmradzymin.pl\/index.php\/wp-json\/wp\/v2\/pages"}],"about":[{"href":"https:\/\/bip.cmradzymin.pl\/index.php\/wp-json\/wp\/v2\/types\/page"}],"author":[{"embeddable":true,"href":"https:\/\/bip.cmradzymin.pl\/index.php\/wp-json\/wp\/v2\/users\/1"}],"replies":[{"embeddable":true,"href":"https:\/\/bip.cmradzymin.pl\/index.php\/wp-json\/wp\/v2\/comments?post=59"}],"version-history":[{"count":6,"href":"https:\/\/bip.cmradzymin.pl\/index.php\/wp-json\/wp\/v2\/pages\/59\/revisions"}],"predecessor-version":[{"id":976,"href":"https:\/\/bip.cmradzymin.pl\/index.php\/wp-json\/wp\/v2\/pages\/59\/revisions\/976"}],"wp:attachment":[{"href":"https:\/\/bip.cmradzymin.pl\/index.php\/wp-json\/wp\/v2\/media?parent=59"}],"curies":[{"name":"wp","href":"https:\/\/api.w.org\/{rel}","templated":true}]}}