
{"id":229,"date":"2023-07-17T12:21:32","date_gmt":"2023-07-17T10:21:32","guid":{"rendered":"https:\/\/egjqvnkxjq.cfolks.pl\/cmrbip\/?page_id=229"},"modified":"2023-07-21T02:28:49","modified_gmt":"2023-07-21T00:28:49","slug":"rejestr-zmian","status":"publish","type":"page","link":"https:\/\/bip.cmradzymin.pl\/index.php\/rejestr-zmian\/","title":{"rendered":"Rejestr zmian"},"content":{"rendered":"<section class=\"wpb-content-wrapper\"><div class=\"pdfprnt-buttons pdfprnt-buttons-page pdfprnt-top-right\"><a href=\"https:\/\/bip.cmradzymin.pl\/index.php\/wp-json\/wp\/v2\/pages\/229?print=pdf\" class=\"pdfprnt-button pdfprnt-button-pdf\" target=\"_blank\"><img decoding=\"async\" src=\"https:\/\/bip.cmradzymin.pl\/wp-content\/plugins\/pdf-print\/images\/pdf.png\" alt=\"image_pdf\" title=\"Download PDF\" \/><\/a><a href=\"https:\/\/bip.cmradzymin.pl\/index.php\/wp-json\/wp\/v2\/pages\/229?print=print\" class=\"pdfprnt-button pdfprnt-button-print\" target=\"_blank\"><img decoding=\"async\" src=\"https:\/\/bip.cmradzymin.pl\/wp-content\/plugins\/pdf-print\/images\/print.png\" alt=\"image_print\" title=\"Print Content\" \/><\/a><\/div><p>[vc_row][vc_column][vc_column_text]Rejestr zmian[\/vc_column_text][\/vc_column][\/vc_row][vc_row css=&#8221;.vc_custom_1689591051448{margin: 0px !important;padding: 0px !important;}&#8221;][vc_column css=&#8221;.vc_custom_1689591057666{margin: 0px !important;padding: 0px !important;}&#8221;][vc_column_text css=&#8221;.vc_custom_1689898535686{margin-top: 0px !important;margin-right: 0px !important;margin-bottom: 0px !important;margin-left: 0px !important;padding-top: 0px !important;padding-right: 0px !important;padding-bottom: 0px !important;padding-left: 0px !important;}&#8221;]<\/p>\n<pre><code> <ul>\n  <li class=\"list_last_changes_title\">\n<a href=\"https:\/\/bip.cmradzymin.pl\/index.php\/2026\/08\/18\/zapytanie-ofertowe-3-2026-aos-w-zwiazku-z-realizacja-przedsiewziecia-w-ramach-projektu-grantowego-pn-dostepnosc-plus-dla-aos-realizowanego-w-ramach-dzialania-fers-03-07-programu-fu\/\">ZAPYTANIE OFERTOWE 3\/2026\/AOS w zwi\u0105zku z realizacj\u0105 Przedsi\u0119wzi\u0119cia w ramach Projektu grantowego pn. \u201eDost\u0119pno\u015b\u0107 Plus dla AOS\u201d, realizowanego w ramach Dzia\u0142ania FERS.03.07 programu Fundusze Europejskie dla Rozwoju Spo\u0142ecznego 2021-2027, okre\u015blonego we wniosku o dofinansowanie projektu nr FERS.03.07-IP.07-0001\/23, kt\u00f3rego Beneficjentem jest Minister Zdrowia, wsp\u00f3\u0142finansowanego ze \u015brodk\u00f3w Europejskiego Funduszu Spo\u0142ecznego Plus<\/a> <span class=\"list_last_changes_date\">2026-08-26<\/span> <span class=\"list_last_changes_author\">Sylwia Bielec-Michalska<\/span>  <\/li>\n  <li class=\"list_last_changes_title\">\n<a href=\"https:\/\/bip.cmradzymin.pl\/index.php\/cennik\/\">Cennik<\/a> <span class=\"list_last_changes_date\">2026-08-21<\/span> <span class=\"list_last_changes_author\">Admin MW<\/span>  <\/li>\n  <li class=\"list_last_changes_title\">\n<a href=\"https:\/\/bip.cmradzymin.pl\/index.php\/2026\/08\/11\/zapytanie-ofertowe-5-2026-aos-w-zwiazku-z-realizacja-przedsiewziecia-w-ramach-projektu-grantowego-pn-dostepnosc-plus-dla-aos-realizowanego-w-ramach-dzialania-fers-03-07-programu-fu\/\">ZAPYTANIE OFERTOWE 5\/2026\/AOS w zwi\u0105zku z realizacj\u0105 Przedsi\u0119wzi\u0119cia w ramach Projektu grantowego pn. \u201eDost\u0119pno\u015b\u0107 Plus dla AOS\u201d, realizowanego w ramach Dzia\u0142ania FERS.03.07 programu Fundusze Europejskie dla Rozwoju Spo\u0142ecznego 2021-2027, okre\u015blonego we wniosku o dofinansowanie projektu nr FERS.03.07-IP.07-0001\/23, kt\u00f3rego Beneficjentem jest Minister Zdrowia, wsp\u00f3\u0142finansowanego ze \u015brodk\u00f3w Europejskiego Funduszu Spo\u0142ecznego Plus<\/a> <span class=\"list_last_changes_date\">2026-08-18<\/span> <span class=\"list_last_changes_author\">Sylwia Bielec-Michalska<\/span>  <\/li>\n  <li class=\"list_last_changes_title\">\n<a href=\"https:\/\/bip.cmradzymin.pl\/index.php\/2026\/07\/21\/zakup-i-dostawa-sprzetu-medycznego-dla-centrum-medyczne-im-bitwy-warszawskiej-1920-r-w-radzyminie-spzzoz-2-1-sprzet-dla-slabowidzacych-do-czytania-drobnego-tekstu-2-2-zakup-przenosnych\/\">Zakup i dostawa sprz\u0119tu medycznego dla Centrum Medyczne im. Bitwy Warszawskiej 1920 r. w Radzyminie \u2013 SPZZOZ 2.1. Sprz\u0119t dla s\u0142abowidz\u0105cych do czytania drobnego tekstu. 2.2  Zakup przeno\u015bnych p\u0119tli indukcyjnych  2.3. Fotel ginekologiczny  2.4.  Regulowana le\u017canka medyczna do bada\u0144 USG 2.5.  Mobilny analizator sk\u0142adu masy cia\u0142a<\/a> <span class=\"list_last_changes_date\">2026-08-05<\/span> <span class=\"list_last_changes_author\">Sylwia Bielec-Michalska<\/span>  <\/li>\n  <li class=\"list_last_changes_title\">\n<a href=\"https:\/\/bip.cmradzymin.pl\/index.php\/2026\/07\/27\/przedmiot-zamowienia-usluga-odbioru-i-przekazania-do-zagospodarowania-niesegregowanych-zmieszanych-odpadow-komunalnych-oraz-odbierania-i-przekazywania-do-instalacji-odzysku-lub-unieszkodliwienia-ze-2\/\">Przedmiot zam\u00f3wienia: Us\u0142uga odbioru i przekazania do zagospodarowania niesegregowanych (zmieszanych) odpad\u00f3w komunalnych oraz odbierania i przekazywania do instalacji odzysku lub unieszkodliwienia zebranych odpad\u00f3w komunalnych z Centrum Medycznego im. Bitwy Warszawskiej 1920 r. w Radzyminie - Samodzielny Publiczny Zesp\u00f3\u0142 Zak\u0142ad\u00f3w Opieki Zdrowotnej.<\/a> <span class=\"list_last_changes_date\">2026-08-05<\/span> <span class=\"list_last_changes_author\">Sylwia Bielec-Michalska<\/span>  <\/li>\n  <li class=\"list_last_changes_title\">\n<a href=\"https:\/\/bip.cmradzymin.pl\/index.php\/regulamin-organizacyjny\/\">Regulamin organizacyjny<\/a> <span class=\"list_last_changes_date\">2026-06-29<\/span> <span class=\"list_last_changes_author\">admin_bipcmr<\/span>  <\/li>\n  <li class=\"list_last_changes_title\">\n<a href=\"https:\/\/bip.cmradzymin.pl\/index.php\/2026\/05\/20\/sukcesywna-dostawa-srodkow-dezynfekcyjnych-dla-centrum-medycznego-im-bitwy-warszawskiej-1920-r-w-radzyminie\/\">Sukcesywna dostawa \u015brodk\u00f3w dezynfekcyjnych  dla Centrum Medycznego im. Bitwy Warszawskiej 1920 r. w Radzyminie.<\/a> <span class=\"list_last_changes_date\">2026-06-24<\/span> <span class=\"list_last_changes_author\">Sylwia Bielec-Michalska<\/span>  <\/li>\n  <li class=\"list_last_changes_title\">\n<a href=\"https:\/\/bip.cmradzymin.pl\/index.php\/2026\/05\/20\/sukcesywna-dostawa-srodkow-czystosci-dla-centrum-medyczne-im-bitwy-warszawskiej-1920-r-w-radzyminie\/\">Sukcesywna dostawa \u015brodk\u00f3w czysto\u015bci dla Centrum Medyczne im. Bitwy Warszawskiej 1920 r. w Radzyminie<\/a> <span class=\"list_last_changes_date\">2026-06-09<\/span> <span class=\"list_last_changes_author\">Sylwia Bielec-Michalska<\/span>  <\/li>\n  <li class=\"list_last_changes_title\">\n<a href=\"https:\/\/bip.cmradzymin.pl\/index.php\/raporty-sprawozdania-i-oswiadczenia\/\">Raporty, sprawozdania i o\u015bwiadczenia<\/a> <span class=\"list_last_changes_date\">2026-05-15<\/span> <span class=\"list_last_changes_author\">admin_bipcmr<\/span>  <\/li>\n  <li class=\"list_last_changes_title\">\n<a href=\"https:\/\/bip.cmradzymin.pl\/index.php\/2026\/04\/29\/wykonanie-dostawa-oraz-montaz-zabudowy-meblowej-recepcji-oraz-strefy-rejestracji-i-informacji-wyposazenie-rejestracji-recepcji\/\">Wykonanie, dostawa oraz monta\u017c zabudowy meblowej recepcji oraz strefy rejestracji i informacji [ Wyposa\u017cenie rejestracji\/recepcji]<\/a> <span class=\"list_last_changes_date\">2026-05-14<\/span> <span class=\"list_last_changes_author\">Sylwia Bielec-Michalska<\/span>  <\/li>\n  <li class=\"list_last_changes_title\">\n<a href=\"https:\/\/bip.cmradzymin.pl\/index.php\/plan-zamowien-publicznych-2026\/\">Plan zam\u00f3wie\u0144 publicznych<\/a> <span class=\"list_last_changes_date\">2026-05-07<\/span> <span class=\"list_last_changes_author\">Admin MW<\/span>  <\/li>\n  <li class=\"list_last_changes_title\">\n<a href=\"https:\/\/bip.cmradzymin.pl\/index.php\/2026\/01\/29\/2531\/\"><\/a> <span class=\"list_last_changes_date\">2026-04-23<\/span> <span class=\"list_last_changes_author\">Sylwia Bielec-Michalska<\/span>  <\/li>\n  <li class=\"list_last_changes_title\">\n<a href=\"https:\/\/bip.cmradzymin.pl\/index.php\/2026\/04\/23\/2756\/\">plan aktualny<\/a> <span class=\"list_last_changes_date\">2026-04-23<\/span> <span class=\"list_last_changes_author\">Sylwia Bielec-Michalska<\/span>  <\/li>\n  <li class=\"list_last_changes_title\">\n<a href=\"https:\/\/bip.cmradzymin.pl\/index.php\/2026\/04\/23\/2752\/\"><\/a> <span class=\"list_last_changes_date\">2026-04-23<\/span> <span class=\"list_last_changes_author\">Sylwia Bielec-Michalska<\/span>  <\/li>\n  <li class=\"list_last_changes_title\">\n<a href=\"https:\/\/bip.cmradzymin.pl\/index.php\/2026\/04\/23\/2746\/\"><\/a> <span class=\"list_last_changes_date\">2026-04-23<\/span> <span class=\"list_last_changes_author\">Sylwia Bielec-Michalska<\/span>  <\/li>\n  <li class=\"list_last_changes_title\">\n<a href=\"https:\/\/bip.cmradzymin.pl\/index.php\/z-ca-dyrektora-ds-medycznych\/\">Z-ca Dyrektora ds. medycznych<\/a> <span class=\"list_last_changes_date\">2026-03-25<\/span> <span class=\"list_last_changes_author\">admin_bipcmr<\/span>  <\/li>\n  <li class=\"list_last_changes_title\">\n<a href=\"https:\/\/bip.cmradzymin.pl\/index.php\/2026\/01\/30\/numer-sprawy-2026-3-zo\/\">Numer sprawy: 2026\/3\/ZO Us\u0142ugi odbioru, transportu i utylizacji (unieszkodliwiania) odpad\u00f3w medycznych z Centrum Medycznego im. Bitwy Warszawskiej 1920 r. w Radzyminie \u2013 Samodzielny Publiczny Zesp\u00f3\u0142 Zak\u0142ad\u00f3w Opieki Zdrowotnej, ul. Konstytucji 3 Maja 17, 05-250 Radzymin, oraz z Filii w D\u0105br\u00f3wce, Filii w Woli Rasztowskiej oraz Filii w Kuligowie.<\/a> <span class=\"list_last_changes_date\">2026-02-09<\/span> <span class=\"list_last_changes_author\">Sylwia Bielec-Michalska<\/span>  <\/li>\n  <li class=\"list_last_changes_title\">\n<a href=\"https:\/\/bip.cmradzymin.pl\/index.php\/2026\/01\/29\/sukcesywna-dostawa-materialow-jednorazowych-dla-centrum-medyczne-im-bitwy-warszawskiej-1920r-w-radzyminie-numer-sprawy-2026-2-zo\/\">Sukcesywna dostawa materia\u0142\u00f3w jednorazowych dla Centrum Medyczne im. Bitwy Warszawskiej 1920r. w Radzyminie. Numer sprawy: 2026\/2\/ZO<\/a> <span class=\"list_last_changes_date\">2026-02-05<\/span> <span class=\"list_last_changes_author\">Sylwia Bielec-Michalska<\/span>  <\/li>\n  <li class=\"list_last_changes_title\">\n<a href=\"https:\/\/bip.cmradzymin.pl\/index.php\/plany-zamowien-publicznych-archiwalne\/\">Plany zam\u00f3wie\u0144 publicznych archiwalne<\/a> <span class=\"list_last_changes_date\">2026-02-02<\/span> <span class=\"list_last_changes_author\">Admin MW<\/span>  <\/li>\n  <li class=\"list_last_changes_title\">\n<a href=\"https:\/\/bip.cmradzymin.pl\/index.php\/plan-25\/\">Plan zam\u00f3wie\u0144 publicznych<\/a> <span class=\"list_last_changes_date\">2026-01-29<\/span> <span class=\"list_last_changes_author\">Admin MW<\/span>  <\/li>\n  <li class=\"list_last_changes_title\">\n<a href=\"https:\/\/bip.cmradzymin.pl\/index.php\/2025\/01\/16\/plan-zamowien-2025\/\">PLAN ZAM\u00d3WIE\u0143 2025<\/a> <span class=\"list_last_changes_date\">2026-01-29<\/span> <span class=\"list_last_changes_author\">Sylwia Bielec-Michalska<\/span>  <\/li>\n  <li class=\"list_last_changes_title\">\n<a href=\"https:\/\/bip.cmradzymin.pl\/index.php\/2026\/01\/12\/sukcesywna-dostawa-papieru-ksero-dla-centrum-medyczne-im-bitwy-warszawskiej-1920-r-w-radzyminie-numer-sprawy-2026-1-zo\/\">Sukcesywna dostawa papieru ksero dla Centrum Medyczne im. Bitwy Warszawskiej 1920 r.  w Radzyminie. Numer sprawy: 2026\/1\/ZO<\/a> <span class=\"list_last_changes_date\">2026-01-16<\/span> <span class=\"list_last_changes_author\">Sylwia Bielec-Michalska<\/span>  <\/li>\n  <li class=\"list_last_changes_title\">\n<a href=\"https:\/\/bip.cmradzymin.pl\/index.php\/dyrektor\/\">Dyrektor<\/a> <span class=\"list_last_changes_date\">2026-01-12<\/span> <span class=\"list_last_changes_author\">admin_bipcmr<\/span>  <\/li>\n  <li class=\"list_last_changes_title\">\n<a href=\"https:\/\/bip.cmradzymin.pl\/index.php\/2025\/12\/31\/plan-2025\/\">plan 2025<\/a> <span class=\"list_last_changes_date\">2026-01-02<\/span> <span class=\"list_last_changes_author\">Sylwia Bielec-Michalska<\/span>  <\/li>\n  <li class=\"list_last_changes_title\">\n<a href=\"https:\/\/bip.cmradzymin.pl\/index.php\/2025\/04\/25\/plan-postepowan-wersja-nr-2\/\">plan post\u0119powa\u0144 wersja nr 2<\/a> <span class=\"list_last_changes_date\">2025-12-31<\/span> <span class=\"list_last_changes_author\">Sylwia Bielec-Michalska<\/span>  <\/li>\n  <li class=\"list_last_changes_title\">\n<a href=\"https:\/\/bip.cmradzymin.pl\/index.php\/2025\/11\/03\/konkurs-ofert-na-wynajem-powierzchni-uzytkowej-oraz-powierzchni-informacyjnej-w-centrum-medycznym-im-bitwy-warszawskiej-1920-r-z-przeznaczeniem-na-prowadzenie-dzialalnosci-medycznej-niekonkurencyjne\/\">Konkurs ofert na wynajem powierzchni u\u017cytkowej oraz powierzchni informacyjnej w Centrum Medycznym im. Bitwy Warszawskiej 1920 r. z przeznaczeniem na prowadzenie dzia\u0142alno\u015bci medycznej niekonkurencyjnej do dzia\u0142alno\u015bci statutowej Centrum Medycznego na okres 5 lat od daty podpisania umowy.<\/a> <span class=\"list_last_changes_date\">2025-11-18<\/span> <span class=\"list_last_changes_author\">Admin MW<\/span>  <\/li>\n  <li class=\"list_last_changes_title\">\n<a href=\"https:\/\/bip.cmradzymin.pl\/index.php\/2025\/08\/29\/zapytanie-ofertowe-na-wykonywanie-uslug-pralniczych-i-kompleksowa-usluge-prania-odziezy-medycznej-w-centrum-medycznym-im-bitwy-warszawskiej-1920-r-w-radzyminie\/\">Zapytanie ofertowe na: wykonywanie us\u0142ug pralniczych i kompleksow\u0105 us\u0142ug\u0119 prania odzie\u017cy medycznej w  Centrum Medycznym  im. Bitwy Warszawskiej 1920 r. w Radzyminie<\/a> <span class=\"list_last_changes_date\">2025-09-03<\/span> <span class=\"list_last_changes_author\">Sylwia Bielec-Michalska<\/span>  <\/li>\n  <li class=\"list_last_changes_title\">\n<a href=\"https:\/\/bip.cmradzymin.pl\/index.php\/2025\/07\/23\/ogloszenie-o-konkursie-powtorne-dyrektora-centrum-medycznego-im-bitwy-warszawskiej-1920-r-w-radzyminie-samodzielnego-publicznego-zespolu-zakladow-opieki-zdrowotnej\/\">OG\u0141OSZENIE O KONKURSIE (powt\u00f3rne) DYREKTORA Centrum Medycznego im. Bitwy Warszawskiej 1920 r. w Radzyminie Samodzielnego Publicznego Zespo\u0142u Zak\u0142ad\u00f3w Opieki Zdrowotnej na stanowisko Piel\u0119gniarki Naczelnej<\/a> <span class=\"list_last_changes_date\">2025-07-23<\/span> <span class=\"list_last_changes_author\">Patryk Plachetko<\/span>  <\/li>\n  <li class=\"list_last_changes_title\">\n<a href=\"https:\/\/bip.cmradzymin.pl\/index.php\/2025\/07\/15\/ii-ogloszenie-o-konkursie-na-zastepce-dyrektora-ds-medycznyc\/\">II og\u0142oszenie o konkursie na Zast\u0119pc\u0119 Dyrektora ds. Medycznych<\/a> <span class=\"list_last_changes_date\">2025-07-15<\/span> <span class=\"list_last_changes_author\">Admin MW<\/span>  <\/li>\n  <li class=\"list_last_changes_title\">\n<a href=\"https:\/\/bip.cmradzymin.pl\/index.php\/2025\/06\/11\/przedmiot-zamowienia-sukcesywna-dostawa-srodkow-dezynfekcyjnych-dla-centrum-medyczne-im-bitwy-warszawskiej-1920r-w-radzyminie\/\">Przedmiot zam\u00f3wienia: Sukcesywna dostawa \u015brodk\u00f3w dezynfekcyjnych dla Centrum Medyczne im. Bitwy Warszawskiej 1920r. w Radzyminie.<\/a> <span class=\"list_last_changes_date\">2025-07-03<\/span> <span class=\"list_last_changes_author\">Sylwia Bielec-Michalska<\/span>  <\/li>\n  <li class=\"list_last_changes_title\">\n<a href=\"https:\/\/bip.cmradzymin.pl\/index.php\/2025\/05\/26\/sukcesywna-dostawa-srodkow-czystosci-dla-centrum-medyczne-im-bitwy-warszawskiej-1920r-w-radzyminie\/\">Sukcesywna dostawa \u015brodk\u00f3w czysto\u015bci dla Centrum Medyczne im. Bitwy Warszawskiej 1920r. w Radzyminie.<\/a> <span class=\"list_last_changes_date\">2025-07-02<\/span> <span class=\"list_last_changes_author\">Sylwia Bielec-Michalska<\/span>  <\/li>\n  <li class=\"list_last_changes_title\">\n<a href=\"https:\/\/bip.cmradzymin.pl\/index.php\/2025\/05\/29\/postepowanie-konkursowe-na-wykonywanie-uslug-medycznych-z-zakresu-diagnostyki-laboratoryjnej-mikrobiologicznej-i-histopatologii\/\">Post\u0119powanie konkursowe na wykonywanie us\u0142ug medycznych z zakresu diagnostyki laboratoryjnej, mikrobiologicznej i histopatologii<\/a> <span class=\"list_last_changes_date\">2025-06-30<\/span> <span class=\"list_last_changes_author\">Patryk Plachetko<\/span>  <\/li>\n  <li class=\"list_last_changes_title\">\n<a href=\"https:\/\/bip.cmradzymin.pl\/index.php\/konkursy\/\">Konkursy<\/a> <span class=\"list_last_changes_date\">2025-06-15<\/span> <span class=\"list_last_changes_author\">admin_bipcmr<\/span>  <\/li>\n  <li class=\"list_last_changes_title\">\n<a href=\"https:\/\/bip.cmradzymin.pl\/index.php\/2025\/06\/04\/konkurs-ofert-na-swiadczenia-zdrowotne-zwiazane-z-czynnosciami-technicznymi-z-zakresu-protetyki\/\">Konkurs ofert na \u015bwiadczenia zdrowotne zwi\u0105zane z czynno\u015bciami technicznymi z zakresu protetyki<\/a> <span class=\"list_last_changes_date\">2025-06-04<\/span> <span class=\"list_last_changes_author\">Patryk Plachetko<\/span>  <\/li>\n  <li class=\"list_last_changes_title\">\n<a href=\"https:\/\/bip.cmradzymin.pl\/index.php\/2025\/05\/30\/ii-ogloszenie-o-konkursie-dyrektora-centrum-medycznego-im-bitwy-warszawskiej-1920r-w-radzyminie-samodzielnego-publicznego-zespolu-zakladow-opieki-zdrowotne\/\">II OG\u0141OSZENIE O KONKURSIE DYREKTORA Centrum Medycznego im. Bitwy Warszawskiej 1920r w Radzyminie Samodzielnego Publicznego Zespo\u0142u  Zak\u0142ad\u00f3w Opieki Zdrowotne konkurs na stanowisko:  Piel\u0119gniarki Oddzia\u0142owej Oddzia\u0142u Chor\u00f3b Wewn\u0119trznych<\/a> <span class=\"list_last_changes_date\">2025-05-30<\/span> <span class=\"list_last_changes_author\">Patryk Plachetko<\/span>  <\/li>\n  <li class=\"list_last_changes_title\">\n<a href=\"https:\/\/bip.cmradzymin.pl\/index.php\/2025\/05\/09\/przedmiot-zamowienia-sukcesywna-dostawa-lekow-i-produktow-farmaceutycznych-dla-centrum-medyczne-im-bitwy-warszawskiej-1920r-w-radzyminie-numer-sprawy-5-2025-zo\/\">Przedmiot zam\u00f3wienia: Sukcesywna dostawa lek\u00f3w i produkt\u00f3w farmaceutycznych dla Centrum Medyczne im. Bitwy Warszawskiej 1920r. w Radzyminie. Numer sprawy: 5\/2025\/ZO<\/a> <span class=\"list_last_changes_date\">2025-05-27<\/span> <span class=\"list_last_changes_author\">Sylwia Bielec-Michalska<\/span>  <\/li>\n  <li class=\"list_last_changes_title\">\n<a href=\"https:\/\/bip.cmradzymin.pl\/index.php\/2025\/05\/23\/ogloszenie-o-konkursie-na-zastepce-dyrektora-ds-medycznych\/\">Og\u0142oszenie o konkursie na Zast\u0119pc\u0119 Dyrektora ds. Medycznych<\/a> <span class=\"list_last_changes_date\">2025-05-23<\/span> <span class=\"list_last_changes_author\">Admin MW<\/span>  <\/li>\n  <li class=\"list_last_changes_title\">\n<a href=\"https:\/\/bip.cmradzymin.pl\/index.php\/2025\/04\/15\/opracowanie-dokumentacji-projektowej-przebudowy-wejsc-do-budynku-przychodni-zdrowia-zlokalizowanego-w-radzyminie-przy-ul-konstytucji-3-maja-17-dz-nr-ew-67-ob-05-04-pow-wolominski\/\">Opracowanie dokumentacji projektowej przebudowy wej\u015b\u0107 do budynku przychodni zdrowia zlokalizowanego w Radzyminie przy ul. Konstytucji 3 Maja 17, dz. nr ew. 67, ob. 05-04, pow. wo\u0142omi\u0144ski.<\/a> <span class=\"list_last_changes_date\">2025-05-09<\/span> <span class=\"list_last_changes_author\">Sylwia Bielec-Michalska<\/span>  <\/li>\n  <li class=\"list_last_changes_title\">\n<a href=\"https:\/\/bip.cmradzymin.pl\/index.php\/2025\/04\/25\/ogloszenie-o-konkursie-na-pielegniarke-oddzialowa\/\">Og\u0142oszenie o konkursie na Piel\u0119gniark\u0119 Oddzia\u0142ow\u0105<\/a> <span class=\"list_last_changes_date\">2025-04-25<\/span> <span class=\"list_last_changes_author\">Admin MW<\/span>  <\/li>\n  <li class=\"list_last_changes_title\">\n<a href=\"https:\/\/bip.cmradzymin.pl\/index.php\/2025\/04\/25\/ogloszenie-o-konkursie-na-pielegniarke-naczelna\/\">Og\u0142oszenie o konkursie na Piel\u0119gniark\u0119 Naczeln\u0105<\/a> <span class=\"list_last_changes_date\">2025-04-25<\/span> <span class=\"list_last_changes_author\">Admin MW<\/span>  <\/li>\n  <li class=\"list_last_changes_title\">\n<a href=\"https:\/\/bip.cmradzymin.pl\/index.php\/2025\/04\/16\/ogloszenie-konkursie-na-stanowisko-ordynatora\/\">Og\u0142oszenie konkursie na stanowisko Ordynatora<\/a> <span class=\"list_last_changes_date\">2025-04-16<\/span> <span class=\"list_last_changes_author\">Patryk Plachetko<\/span>  <\/li>\n  <li class=\"list_last_changes_title\">\n<a href=\"https:\/\/bip.cmradzymin.pl\/index.php\/2025\/03\/24\/numer-sprawy-zo-1b-2025-przedmiot-zamowienia-dostawa-tonerow-i-materialow-eksploatacyjnych-do-drukarek-i-urzadzen-wielofunkcyjnych-w-centrum-medycznym-im-bitwy-warszawskiej-1920-r-w-radzyminie-n\/\">Numer sprawy: ZO\/1B\/2025 Przedmiot zam\u00f3wienia: Dostawa toner\u00f3w i materia\u0142\u00f3w eksploatacyjnych do drukarek i urz\u0105dze\u0144 wielofunkcyjnych w Centrum Medycznym im. Bitwy Warszawskiej 1920 r. w Radzyminie.  Numer sprawy: ZO\/1B\/2025<\/a> <span class=\"list_last_changes_date\">2025-04-10<\/span> <span class=\"list_last_changes_author\">Sylwia Bielec-Michalska<\/span>  <\/li>\n  <li class=\"list_last_changes_title\">\n<a href=\"https:\/\/bip.cmradzymin.pl\/index.php\/2023\/07\/13\/usluga-odbioru-i-przekazania-do-zagospodarowania-niesegregowanych-zmieszanych-odpadow-komunalnych-oraz-odbierania-i-przekazywania-do-instalacji-odzysku-lub-unieszkodliwienia-zebranych-odpadow-komuna-2\/\">Us\u0142uga odbioru i przekazania do zagospodarowania niesegregowanych (zmieszanych) odpad\u00f3w komunalnych oraz odbierania i przekazywania do instalacji odzysku lub unieszkodliwienia zebranych odpad\u00f3w komunalnych z Centrum Medycznego im. Bitwy Warszawskiej 1920 r. w Radzyminie - Samodzielny Publiczny Zesp\u00f3\u0142 Zak\u0142ad\u00f3w Opieki Zdrowotnej<\/a> <span class=\"list_last_changes_date\">2025-03-24<\/span> <span class=\"list_last_changes_author\">admin_bipcmr<\/span>  <\/li>\n  <li class=\"list_last_changes_title\">\n<a href=\"https:\/\/bip.cmradzymin.pl\/index.php\/2023\/07\/13\/dzierzawy-analizatora-parametrow-krytycznych-wraz-z-kasetami-na-potrzeby-izby-przyjec-w-centrum-medyczne-im-bitwy-warszawskiej-1920-r-w-radzyminie-samodzielny-publiczny-zespol-zakladow-opieki-zdro\/\">Dzier\u017cawy analizatora parametr\u00f3w krytycznych wraz z kasetami na potrzeby Izby Przyj\u0119\u0107 w Centrum Medyczne im. Bitwy Warszawskiej 1920 r. w Radzyminie - Samodzielny Publiczny Zesp\u00f3\u0142 Zak\u0142ad\u00f3w Opieki Zdrowotnej, Konstytucji 3 Maja 17, 05-250 Radzymin.<\/a> <span class=\"list_last_changes_date\">2025-03-24<\/span> <span class=\"list_last_changes_author\">admin_bipcmr<\/span>  <\/li>\n  <li class=\"list_last_changes_title\">\n<a href=\"https:\/\/bip.cmradzymin.pl\/index.php\/2023\/07\/20\/usluga-odbioru-i-przekazania-do-zagospodarowania-niesegregowanych-zmieszanych-odpadow-komunalnych-oraz-odbierania-i-przekazywania-do-instalacji-odzysku-lub-unieszkodliwienia-zebranych-odpadow-komuna\/\">Us\u0142uga odbioru i przekazania do zagospodarowania niesegregowanych (zmieszanych) odpad\u00f3w komunalnych oraz odbierania i przekazywania do instalacji odzysku lub unieszkodliwienia zebranych odpad\u00f3w komunalnych z Centrum Medycznego im. Bitwy Warszawskiej 1920 r. w Radzyminie - Samodzielny Publiczny Zesp\u00f3\u0142 Zak\u0142ad\u00f3w Opieki Zdrowotnej<\/a> <span class=\"list_last_changes_date\">2025-03-24<\/span> <span class=\"list_last_changes_author\">admin_bipcmr<\/span>  <\/li>\n  <li class=\"list_last_changes_title\">\n<a href=\"https:\/\/bip.cmradzymin.pl\/index.php\/2023\/07\/20\/dzierzawa-analizatora-parametrow-krytycznych-wraz-z-kasetami-na-potrzeby-izby-przyjec-w-centrum-medyczne-im-bitwy-warszawskiej-1920-r-w-radzyminie-samodzielny-publiczny-zespol-zakladow-opieki-zdro\/\">Dzier\u017cawa analizatora parametr\u00f3w krytycznych wraz z kasetami na potrzeby Izby Przyj\u0119\u0107 w Centrum Medyczne im. Bitwy Warszawskiej 1920 r. w Radzyminie - Samodzielny Publiczny Zesp\u00f3\u0142 Zak\u0142ad\u00f3w Opieki Zdrowotnej, Konstytucji 3 Maja 17, 05-250 Radzymin.<\/a> <span class=\"list_last_changes_date\">2025-03-24<\/span> <span class=\"list_last_changes_author\">admin_bipcmr<\/span>  <\/li>\n  <li class=\"list_last_changes_title\">\n<a href=\"https:\/\/bip.cmradzymin.pl\/index.php\/2023\/07\/20\/dostawa-odczynnikow-do-aparatu-abl90-flex-plus-dla-centrum-medyczne-im-bitwy-warszawskiej-1920-r-w-radzyminie-samodzielny-publiczny-zespol-zakladow-opieki-zdrowotnej-konstytucji-3-maja-17-05-250\/\">Dostawa odczynnik\u00f3w do aparatu ABL90 FLEX PLUS dla Centrum Medyczne im. Bitwy Warszawskiej 1920 r. w Radzyminie - Samodzielny Publiczny Zesp\u00f3\u0142 Zak\u0142ad\u00f3w Opieki Zdrowotnej, Konstytucji 3 Maja 17, 05-250 Radzymin<\/a> <span class=\"list_last_changes_date\">2025-03-24<\/span> <span class=\"list_last_changes_author\">admin_bipcmr<\/span>  <\/li>\n  <li class=\"list_last_changes_title\">\n<a href=\"https:\/\/bip.cmradzymin.pl\/index.php\/2023\/07\/20\/dostawa-srodkow-czystosci-dla-centrum-medyczne-im-bitwy-warszawskiej-1920-r-w-radzyminie-samodzielny-publiczny-zespol-zakladow-opieki-zdrowotnej-konstytucji-3-maja-17-05-250-radzymin\/\">Dostawa \u015brodk\u00f3w czysto\u015bci dla Centrum Medyczne im. Bitwy Warszawskiej 1920 r. w Radzyminie - Samodzielny Publiczny Zesp\u00f3\u0142 Zak\u0142ad\u00f3w Opieki Zdrowotnej, Konstytucji 3 Maja 17, 05-250 Radzymin.<\/a> <span class=\"list_last_changes_date\">2025-03-24<\/span> <span class=\"list_last_changes_author\">admin_bipcmr<\/span>  <\/li>\n  <li class=\"list_last_changes_title\">\n<a href=\"https:\/\/bip.cmradzymin.pl\/index.php\/2023\/07\/20\/dostawa-komputerow-tabletow-z-oprogramowaniem-mowik-drukarek-w-ramach-swiadczenia-uslug-w-zakresie-architektonicznym-cyfrowym-i-informacyjno-komunikacyjny-w-projekcie-dostepnosc-p\/\">Dostawa komputer\u00f3w, tablet\u00f3w z oprogramowaniem \u201eM\u00f3wik\u201d, drukarek w ramach \u015bwiadczenia us\u0142ug w zakresie architektonicznym, cyfrowym i informacyjno-komunikacyjny w projekcie Dost\u0119pno\u015b\u0107 Plus w Centrum Medyczne im. Bitwy Warszawskiej 1920 r. w Radzyminie w podziale na zadania<\/a> <span class=\"list_last_changes_date\">2025-03-24<\/span> <span class=\"list_last_changes_author\">admin_bipcmr<\/span>  <\/li>\n  <li class=\"list_last_changes_title\">\n<a href=\"https:\/\/bip.cmradzymin.pl\/index.php\/2023\/07\/20\/swiadczenie-uslug-w-zakresie-architektonicznym-cyfrowym-i-informacyjno-komunikacyjnym-w-projekcie-dostepnosc-plus-w-centrum-medyczne-im-bitwy-warszawskiej-1920r-w-radzyminie-przedmiot-zamo\/\">\u015awiadczenie us\u0142ug w zakresie architektonicznym, cyfrowym i informacyjno-komunikacyjnym w projekcie Dost\u0119pno\u015b\u0107 Plus w Centrum Medyczne im. Bitwy Warszawskiej 1920r. w Radzyminie\u201d Przedmiot zam\u00f3wienia Budowa strony www waz z dostosowaniem do standardu WCAG 2.1<\/a> <span class=\"list_last_changes_date\">2025-03-24<\/span> <span class=\"list_last_changes_author\">admin_bipcmr<\/span>  <\/li>\n  <li class=\"list_last_changes_title\">\n<a href=\"https:\/\/bip.cmradzymin.pl\/index.php\/2024\/05\/20\/dostawa-srodkow-czystosci-dla-centrum-medyczne-im-bitwy-warszawskiej-1920-r-w-radzyminie\/\">Dostawa \u015brodk\u00f3w czysto\u015bci dla Centrum Medyczne im. Bitwy Warszawskiej 1920 r. w Radzyminie.<\/a> <span class=\"list_last_changes_date\">2025-03-24<\/span> <span class=\"list_last_changes_author\">admin_bipcmr<\/span>  <\/li>\n  <li class=\"list_last_changes_title\">\n<a href=\"https:\/\/bip.cmradzymin.pl\/index.php\/2024\/05\/27\/dostawa-srodkow-dezynfekcyjnych-dla-centrum-medyczne-im-bitwy-warszawskiej-1920-r-w-radzyminie\/\">Dostawa \u015brodk\u00f3w dezynfekcyjnych dla Centrum Medyczne im. Bitwy Warszawskiej 1920 r. w Radzyminie.<\/a> <span class=\"list_last_changes_date\">2025-03-24<\/span> <span class=\"list_last_changes_author\">admin_bipcmr<\/span>  <\/li>\n  <li class=\"list_last_changes_title\">\n<a href=\"https:\/\/bip.cmradzymin.pl\/index.php\/2024\/07\/05\/sukcesywna-dostawa-papieru-ksero-dla-centrum-medyczne-im-bitwy-warszawskiej-1920-r-w-radzyminie\/\">Sukcesywna dostawa papieru ksero dla Centrum Medyczne im. Bitwy Warszawskiej 1920 r.  w Radzyminie.<\/a> <span class=\"list_last_changes_date\">2025-03-24<\/span> <span class=\"list_last_changes_author\">Sylwia Bielec-Michalska<\/span>  <\/li>\n  <li class=\"list_last_changes_title\">\n<a href=\"https:\/\/bip.cmradzymin.pl\/index.php\/2024\/07\/17\/przedmiot-zamowienia-usluga-odbioru-i-przekazania-do-zagospodarowania-niesegregowanych-zmieszanych-odpadow-komunalnych-oraz-odbierania-i-przekazywania-do-instalacji-odzysku-lub-unieszkodliwienia-ze\/\">Przedmiot zam\u00f3wienia: Us\u0142uga odbioru i przekazania do zagospodarowania niesegregowanych (zmieszanych) odpad\u00f3w komunalnych oraz odbierania i przekazywania do instalacji odzysku lub unieszkodliwienia zebranych odpad\u00f3w komunalnych z Centrum Medycznego im. Bitwy Warszawskiej 1920 r. w Radzyminie - Samodzielny Publiczny Zesp\u00f3\u0142 Zak\u0142ad\u00f3w Opieki Zdrowotnej<\/a> <span class=\"list_last_changes_date\">2025-03-24<\/span> <span class=\"list_last_changes_author\">Sylwia Bielec-Michalska<\/span>  <\/li>\n  <li class=\"list_last_changes_title\">\n<a href=\"https:\/\/bip.cmradzymin.pl\/index.php\/2024\/07\/17\/sukcesywna-dostawa-artykulow-biurowych-dla-centrum-medyczne-im-bitwy-warszawskiej-1920-r-w-radzyminie-numer-sprawy-zo-14-2024-zp\/\">Sukcesywna dostawa artyku\u0142\u00f3w biurowych dla Centrum Medyczne im. Bitwy Warszawskiej 1920 r.  w Radzyminie. Numer sprawy: ZO\/14\/2024\/ZP<\/a> <span class=\"list_last_changes_date\">2025-03-24<\/span> <span class=\"list_last_changes_author\">Sylwia Bielec-Michalska<\/span>  <\/li>\n  <li class=\"list_last_changes_title\">\n<a href=\"https:\/\/bip.cmradzymin.pl\/index.php\/2024\/09\/27\/dostawa-gazow-medycznych-wraz-z-dzierzawa-butli-tlenowych-i-zbiornika-na-azot-ciekly-medyczny-do-centrum-medycznego-im-bitwy-warszawskiej-1920-r-w-radzyminie-samodzielny-publiczny-zespol-zakladow-o\/\">Dostawa gaz\u00f3w medycznych wraz z dzier\u017caw\u0105 butli tlenowych i  zbiornika na azot ciek\u0142y medyczny do Centrum Medycznego im. Bitwy Warszawskiej 1920 r. w Radzyminie Samodzielny Publiczny Zesp\u00f3\u0142 Zak\u0142ad\u00f3w Opieki Zdrowotnej<\/a> <span class=\"list_last_changes_date\">2025-03-24<\/span> <span class=\"list_last_changes_author\">Sylwia Bielec-Michalska<\/span>  <\/li>\n  <li class=\"list_last_changes_title\">\n<a href=\"https:\/\/bip.cmradzymin.pl\/index.php\/2024\/10\/02\/obsluga-bankowa-dla-centrum-medyczne-im-bitwy-warszawskiej-1920-r-w-radzyminie-numer-sprawy-zo-15-2024-zp\/\">Obs\u0142uga bankowa dla Centrum Medyczne im. Bitwy Warszawskiej 1920 r.  w Radzyminie.  Numer sprawy: ZO\/15\/2024\/ZP<\/a> <span class=\"list_last_changes_date\">2025-03-24<\/span> <span class=\"list_last_changes_author\">Sylwia Bielec-Michalska<\/span>  <\/li>\n  <li class=\"list_last_changes_title\">\n<a href=\"https:\/\/bip.cmradzymin.pl\/index.php\/2024\/11\/13\/dostawa-materialow-jednorazowych-dla-centrum-medycznego-im-bitwy-warszawskiej-1920-r-w-radzyminie-samodzielny-publiczny-zespol-zakladow-opieki-zdrowotnej\/\">Numer sprawy: ZO\/17\/2024.Dostawa materia\u0142\u00f3w jednorazowych dla Centrum Medycznego im. Bitwy Warszawskiej 1920 r. w Radzyminie Samodzielny Publiczny Zesp\u00f3\u0142 Zak\u0142ad\u00f3w Opieki Zdrowotnej<\/a> <span class=\"list_last_changes_date\">2025-03-24<\/span> <span class=\"list_last_changes_author\">Sylwia Bielec-Michalska<\/span>  <\/li>\n  <li class=\"list_last_changes_title\">\n<a href=\"https:\/\/bip.cmradzymin.pl\/index.php\/2025\/01\/30\/zo-1-2025\/\">ZO\/1\/2025. Dostawa toner\u00f3w i materia\u0142\u00f3w eksploatacyjnych do drukarek i urz\u0105dze\u0144 wielofunkcyjnych w Centrum Medycznym im. Bitwy Warszawskiej 1920 r. w Radzyminie.<\/a> <span class=\"list_last_changes_date\">2025-03-24<\/span> <span class=\"list_last_changes_author\">Sylwia Bielec-Michalska<\/span>  <\/li>\n  <li class=\"list_last_changes_title\">\n<a href=\"https:\/\/bip.cmradzymin.pl\/index.php\/2025\/02\/19\/przedmiot-zamowienia-dostawa-tonerow-i-materialow-eksploatacyjnych-do-drukarek-i-urzadzen-wielofunkcyjnych-w-centrum-medycznym-im-bitwy-warszawskiej-1920-r-w-radzyminie-numer-sprawy-zo-1a-2025\/\">Przedmiot zam\u00f3wienia: Dostawa toner\u00f3w i materia\u0142\u00f3w eksploatacyjnych do drukarek i urz\u0105dze\u0144 wielofunkcyjnych w Centrum Medycznym im. Bitwy Warszawskiej 1920 r. w Radzyminie.  Numer sprawy: ZO\/1A\/2025<\/a> <span class=\"list_last_changes_date\">2025-03-24<\/span> <span class=\"list_last_changes_author\">Sylwia Bielec-Michalska<\/span>  <\/li>\n  <li class=\"list_last_changes_title\">\n<a href=\"https:\/\/bip.cmradzymin.pl\/index.php\/2025\/02\/27\/uslugi-odbioru-transport-i-unieszkodliwianie-odpadow-medycznych-z-centrum-medyczne-im-bitwy-warszawskiej-1920-r-w-radzyminie-samodzielny-publiczny-zespol-zakladow-opieki-zdrowotnej-konstytucji-3\/\">Us\u0142ugi odbioru transport i unieszkodliwianie odpad\u00f3w medycznych z Centrum Medyczne im. Bitwy Warszawskiej 1920 r.  w Radzyminie - Samodzielny Publiczny Zesp\u00f3\u0142 Zak\u0142ad\u00f3w Opieki Zdrowotnej, Konstytucji 3 Maja 17, 05-250 Radzymin, oraz z  FILII W D\u0104BR\u00d3WCE i  z FILII W WOLI RASZTOWSKIEJ. Numer sprawy: 2\/2025\/ZO<\/a> <span class=\"list_last_changes_date\">2025-03-24<\/span> <span class=\"list_last_changes_author\">Sylwia Bielec-Michalska<\/span>  <\/li>\n  <li class=\"list_last_changes_title\">\n<a href=\"https:\/\/bip.cmradzymin.pl\/index.php\/2025\/03\/04\/przedmiot-zamowienia-zakup-paliw-plynnych-do-samochodow-sluzbowych-i-innego-sprzetu-silnikowego-dla-centrum-medycznego-im-bitwy-warszawskiej-1920-r-w-radzyminie\/\">Przedmiot zam\u00f3wienia: Zakup paliw p\u0142ynnych do samochod\u00f3w s\u0142u\u017cbowych i innego sprz\u0119tu silnikowego dla Centrum Medycznego im. Bitwy Warszawskiej 1920 r. w Radzyminie<\/a> <span class=\"list_last_changes_date\">2025-03-24<\/span> <span class=\"list_last_changes_author\">Sylwia Bielec-Michalska<\/span>  <\/li>\n  <li class=\"list_last_changes_title\">\n<a href=\"https:\/\/bip.cmradzymin.pl\/index.php\/rada-spoleczna\/\">Rada Spo\u0142eczna<\/a> <span class=\"list_last_changes_date\">2025-02-18<\/span> <span class=\"list_last_changes_author\">admin_bipcmr<\/span>  <\/li>\n  <li class=\"list_last_changes_title\">\n<a href=\"https:\/\/bip.cmradzymin.pl\/index.php\/oferty-pracy\/\">Oferty pracy<\/a> <span class=\"list_last_changes_date\">2025-02-18<\/span> <span class=\"list_last_changes_author\">admin_bipcmr<\/span>  <\/li>\n  <li class=\"list_last_changes_title\">\n<a href=\"https:\/\/bip.cmradzymin.pl\/index.php\/plan-zamowien-publicznych\/\">Plan zam\u00f3wie\u0144 publicznych<\/a> <span class=\"list_last_changes_date\">2025-01-16<\/span> <span class=\"list_last_changes_author\">admin_bipcmr<\/span>  <\/li>\n  <li class=\"list_last_changes_title\">\n<a href=\"https:\/\/bip.cmradzymin.pl\/index.php\/inspektor-ochrony-danych\/\">Inspektor Ochrony Danych<\/a> <span class=\"list_last_changes_date\">2024-09-06<\/span> <span class=\"list_last_changes_author\">admin_bipcmr<\/span>  <\/li>\n  <li class=\"list_last_changes_title\">\n<a href=\"https:\/\/bip.cmradzymin.pl\/index.php\/2024\/06\/19\/konkurs-ofert\/\">KONKURS OFERT<\/a> <span class=\"list_last_changes_date\">2024-06-28<\/span> <span class=\"list_last_changes_author\">Sylwia Bielec-Michalska<\/span>  <\/li>\n  <li class=\"list_last_changes_title\">\n<a href=\"https:\/\/bip.cmradzymin.pl\/index.php\/przetargi\/\">Przetargi<\/a> <span class=\"list_last_changes_date\">2024-06-19<\/span> <span class=\"list_last_changes_author\">admin_bipcmr<\/span>  <\/li>\n  <li class=\"list_last_changes_title\">\n<a href=\"https:\/\/bip.cmradzymin.pl\/index.php\/2024\/06\/17\/centrum-medyczne-im-bitwy-warszawskiej-1920-r-w-radzyminie-oglasza-konkurs-ofert-na-udzielanie-5wiadczeri-zdrowotnych-w-zakresie-opisywania-badan-tomografii-komputerowej-w-oparciu-o-teleradiologii\/\">CENTRUM MEDYCZNE IM. BITWY WARSZAWSKIEJ 1920 R. W RADZYMINIE og\u0142asza konkurs ofert na udzielanie \u015bwiadcze\u0144 zdrowotnych w zakresie opisywania bada\u0144 tomografii komputerowej w oparciu o teleradiologii<\/a> <span class=\"list_last_changes_date\">2024-06-17<\/span> <span class=\"list_last_changes_author\">Patryk Plachetko<\/span>  <\/li>\n  <li class=\"list_last_changes_title\">\n<a href=\"https:\/\/bip.cmradzymin.pl\/index.php\/zapytania-ofertowe\/\">Zapytania ofertowe<\/a> <span class=\"list_last_changes_date\">2024-06-10<\/span> <span class=\"list_last_changes_author\">admin_bipcmr<\/span>  <\/li>\n  <li class=\"list_last_changes_title\">\n<a href=\"https:\/\/bip.cmradzymin.pl\/index.php\/podstawy-funkcjonowania\/\">Podstawy funkcjonowania<\/a> <span class=\"list_last_changes_date\">2024-06-10<\/span> <span class=\"list_last_changes_author\">admin_bipcmr<\/span>  <\/li>\n  <li class=\"list_last_changes_title\">\n<a href=\"https:\/\/bip.cmradzymin.pl\/index.php\/glowna-ksiegowa\/\">G\u0142\u00f3wna Ksi\u0119gowa<\/a> <span class=\"list_last_changes_date\">2024-06-10<\/span> <span class=\"list_last_changes_author\">admin_bipcmr<\/span>  <\/li>\n  <li class=\"list_last_changes_title\">\n<a href=\"https:\/\/bip.cmradzymin.pl\/index.php\/statut\/\">Statut<\/a> <span class=\"list_last_changes_date\">2024-06-10<\/span> <span class=\"list_last_changes_author\">admin_bipcmr<\/span>  <\/li>\n  <li class=\"list_last_changes_title\">\n<a href=\"https:\/\/bip.cmradzymin.pl\/\">Strona g\u0142\u00f3wna<\/a> <span class=\"list_last_changes_date\">2023-07-23<\/span> <span class=\"list_last_changes_author\">admin_bipcmr<\/span>  <\/li>\n  <li class=\"list_last_changes_title\">\n<a href=\"https:\/\/bip.cmradzymin.pl\/index.php\/uslugi-spoleczne\/\">Us\u0142ugi Spo\u0142eczne<\/a> <span class=\"list_last_changes_date\">2023-07-23<\/span> <span class=\"list_last_changes_author\">admin_bipcmr<\/span>  <\/li>\n  <li class=\"list_last_changes_title\">\n<a href=\"https:\/\/bip.cmradzymin.pl\/index.php\/archiwum\/\">Archiwum<\/a> <span class=\"list_last_changes_date\">2023-07-23<\/span> <span class=\"list_last_changes_author\">admin_bipcmr<\/span>  <\/li>\n  <li class=\"list_last_changes_title\">\n<a href=\"https:\/\/bip.cmradzymin.pl\/index.php\/instrukcja-obslugi-bip\/\">Instrukcja obs\u0142ugi BIP<\/a> <span class=\"list_last_changes_date\">2023-07-23<\/span> <span class=\"list_last_changes_author\">admin_bipcmr<\/span>  <\/li>\n  <li class=\"list_last_changes_title\">\n<a href=\"https:\/\/bip.cmradzymin.pl\/index.php\/2023\/07\/19\/glowny-ksiegowy-glowna-ksiegowa\/\">G\u0142\u00f3wny Ksi\u0119gowy\/G\u0142\u00f3wna Ksi\u0119gowa<\/a> <span class=\"list_last_changes_date\">2023-07-23<\/span> <span class=\"list_last_changes_author\">admin_bipcmr<\/span>  <\/li>\n  <li class=\"list_last_changes_title\">\n<a href=\"https:\/\/bip.cmradzymin.pl\/index.php\/2023\/07\/19\/projekt-e-uslugi-w-spzzoz-w-wyszkowie-wspolfinansowany-jest-przez-unie-europejska-ze-srodkow-europejskiego-funduszu-rozwoju-regionalnego-w-ramach-osi-priorytetowej-ii-wzrost\/\">Projekt \u201eE-us\u0142ugi w SPZZOZ w Wyszkowie\u201d wsp\u00f3\u0142finansowany jest przez Uni\u0119 Europejsk\u0105 ze \u015brodk\u00f3w Europejskiego Funduszu Rozwoju Regionalnego w ramach Osi Priorytetowej II \u201eWzrost e-potencja\u0142u Mazowsza\u201d Dzia\u0142ania 2.1 \u201eE-us\u0142ugi\u201d Poddzia\u0142ania 2.1.1 \u201eE -us\u0142ugi dla Mazowsza\u201d Regionalnego Programu Operacyjnego Wojew\u00f3dztwa Mazowieckiego na lata 2014-2020<\/a> <span class=\"list_last_changes_date\">2023-07-23<\/span> <span class=\"list_last_changes_author\">admin_bipcmr<\/span>  <\/li>\n  <li class=\"list_last_changes_title\">\n<a href=\"https:\/\/bip.cmradzymin.pl\/index.php\/2023\/07\/20\/informatyzacja-publicznych-uslug-medycznych-jako-przeciwdzialanie-wykluczeniu-informacyjnemu-mieszkancow-miasta-i-gminy-radzymin\/\">Informatyzacja publicznych us\u0142ug medycznych jako przeciwdzia\u0142anie wykluczeniu informacyjnemu mieszka\u0144c\u00f3w Miasta i Gminy Radzymin<\/a> <span class=\"list_last_changes_date\">2023-07-23<\/span> <span class=\"list_last_changes_author\">admin_bipcmr<\/span>  <\/li>\n  <li class=\"list_last_changes_title\">\n<a href=\"https:\/\/bip.cmradzymin.pl\/index.php\/2023\/07\/20\/lekarz-anestezjolog\/\">Lekarz Anestezjolog<\/a> <span class=\"list_last_changes_date\">2023-07-23<\/span> <span class=\"list_last_changes_author\">admin_bipcmr<\/span>  <\/li>\n  <li class=\"list_last_changes_title\">\n<a href=\"https:\/\/bip.cmradzymin.pl\/index.php\/z-ca-dyrektora-ds-administracyjno-gospodarczych\/\">Z-ca Dyrektora ds. administracyjno-gospodarczych<\/a> <span class=\"list_last_changes_date\">2023-07-23<\/span> <span class=\"list_last_changes_author\">admin_bipcmr<\/span>  <\/li>\n  <li class=\"list_last_changes_title\">\n<a href=\"https:\/\/bip.cmradzymin.pl\/index.php\/stanowienie-wewnetrznych-aktow-prawnych\/\">Stanowienie wewn\u0119trznych akt\u00f3w prawnych<\/a> <span class=\"list_last_changes_date\">2023-07-23<\/span> <span class=\"list_last_changes_author\">admin_bipcmr<\/span>  <\/li>\n  <li class=\"list_last_changes_title\">\n<a href=\"https:\/\/bip.cmradzymin.pl\/index.php\/redakcja-serwisu\/\">Redakcja serwisu<\/a> <span class=\"list_last_changes_date\">2023-07-23<\/span> <span class=\"list_last_changes_author\">admin_bipcmr<\/span>  <\/li>\n  <li class=\"list_last_changes_title\">\n<a href=\"https:\/\/bip.cmradzymin.pl\/index.php\/przedmiot-dzialalnosci\/\">Przedmiot dzia\u0142alno\u015bci<\/a> <span class=\"list_last_changes_date\">2023-07-23<\/span> <span class=\"list_last_changes_author\">admin_bipcmr<\/span>  <\/li>\n  <li class=\"list_last_changes_title\">\n<a href=\"https:\/\/bip.cmradzymin.pl\/index.php\/projekty-unijne-inwestycje\/\">Projekty Unijne \/ Inwestycje<\/a> <span class=\"list_last_changes_date\">2023-07-23<\/span> <span class=\"list_last_changes_author\">admin_bipcmr<\/span>  <\/li>\n  <li class=\"list_last_changes_title\">\n<a href=\"https:\/\/bip.cmradzymin.pl\/index.php\/polityka-antykorupcyjna\/\">Polityka antykorupcyjna<\/a> <span class=\"list_last_changes_date\">2023-07-23<\/span> <span class=\"list_last_changes_author\">admin_bipcmr<\/span>  <\/li>\n  <li class=\"list_last_changes_title\">\n<a href=\"https:\/\/bip.cmradzymin.pl\/index.php\/mapa-strony\/\">Mapa strony<\/a> <span class=\"list_last_changes_date\">2023-07-23<\/span> <span class=\"list_last_changes_author\">admin_bipcmr<\/span>  <\/li>\n  <li class=\"list_last_changes_title\">\n<a href=\"https:\/\/bip.cmradzymin.pl\/index.php\/majatek\/\">Maj\u0105tek<\/a> <span class=\"list_last_changes_date\">2023-07-23<\/span> <span class=\"list_last_changes_author\">admin_bipcmr<\/span>  <\/li>\n  <li class=\"list_last_changes_title\">\n<a href=\"https:\/\/bip.cmradzymin.pl\/index.php\/instrukcja-obslugi\/\">Instrukcja obs\u0142ugi<\/a> <span class=\"list_last_changes_date\">2023-07-23<\/span> <span class=\"list_last_changes_author\">admin_bipcmr<\/span>  <\/li>\n  <li class=\"list_last_changes_title\">\n<a href=\"https:\/\/bip.cmradzymin.pl\/index.php\/decyzja-w-sprawie-nadania-nr-nip\/\">Decyzja w sprawie nadania nr NIP<\/a> <span class=\"list_last_changes_date\">2023-07-23<\/span> <span class=\"list_last_changes_author\">admin_bipcmr<\/span>  <\/li>\n  <li class=\"list_last_changes_title\">\n<a href=\"https:\/\/bip.cmradzymin.pl\/index.php\/cennik-uslug-medycznych\/\">Cennik us\u0142ug medycznych<\/a> <span class=\"list_last_changes_date\">2023-07-23<\/span> <span class=\"list_last_changes_author\">admin_bipcmr<\/span>  <\/li>\n  <li class=\"list_last_changes_title\">\n<a href=\"https:\/\/bip.cmradzymin.pl\/index.php\/zaswiadczenie-o-numerze-identyfikacyjnym-regon\/\">Za\u015bwiadczenie o numerze identyfikacyjnym REGON<\/a> <span class=\"list_last_changes_date\">2023-07-23<\/span> <span class=\"list_last_changes_author\">admin_bipcmr<\/span>  <\/li>\n  <li class=\"list_last_changes_title\">\n<a href=\"https:\/\/bip.cmradzymin.pl\/index.php\/rejestr-zmian\/\">Rejestr zmian<\/a> <span class=\"list_last_changes_date\">2023-07-21<\/span> <span class=\"list_last_changes_author\">admin_bipcmr<\/span>  <\/li>\n  <li class=\"list_last_changes_title\">\n<a href=\"https:\/\/bip.cmradzymin.pl\/index.php\/strona-glowna-bip\/\">Strona g\u0142\u00f3wna BIP<\/a> <span class=\"list_last_changes_date\">2023-07-15<\/span> <span class=\"list_last_changes_author\">admin_bipcmr<\/span>  <\/li>\n  <li class=\"list_last_changes_title\">\n<a href=\"https:\/\/bip.cmradzymin.pl\/index.php\/polityka-prywatnosci\/\">Polityka prywatno\u015bci<\/a> <span class=\"list_last_changes_date\">2023-07-13<\/span> <span class=\"list_last_changes_author\">admin_bipcmr<\/span>  <\/li>\n <\/ul>\n<\/code><\/pre>\n<p>[\/vc_column_text][\/vc_column][\/vc_row]<\/p>\n<\/section>","protected":false},"excerpt":{"rendered":"<p>[vc_row][vc_column][vc_column_text]Rejestr zmian[\/vc_column_text][\/vc_column][\/vc_row][vc_row css=&#8221;.vc_custom_1689591051448{margin: 0px !important;padding: 0px !important;}&#8221;][vc_column css=&#8221;.vc_custom_1689591057666{margin: 0px !important;padding: 0px !important;}&#8221;][vc_column_text css=&#8221;.vc_custom_1689898535686{margin-top: 0px !important;margin-right: 0px !important;margin-bottom: 0px !important;margin-left: 0px !important;padding-top: 0px !important;padding-right: 0px !important;padding-bottom: 0px !important;padding-left: 0px !important;}&#8221;] [\/vc_column_text][\/vc_column][\/vc_row]<\/p>\n","protected":false},"author":1,"featured_media":0,"parent":0,"menu_order":0,"comment_status":"closed","ping_status":"closed","template":"","meta":{"_lmt_disableupdate":"no","_lmt_disable":"no","footnotes":""},"_links":{"self":[{"href":"https:\/\/bip.cmradzymin.pl\/index.php\/wp-json\/wp\/v2\/pages\/229"}],"collection":[{"href":"https:\/\/bip.cmradzymin.pl\/index.php\/wp-json\/wp\/v2\/pages"}],"about":[{"href":"https:\/\/bip.cmradzymin.pl\/index.php\/wp-json\/wp\/v2\/types\/page"}],"author":[{"embeddable":true,"href":"https:\/\/bip.cmradzymin.pl\/index.php\/wp-json\/wp\/v2\/users\/1"}],"replies":[{"embeddable":true,"href":"https:\/\/bip.cmradzymin.pl\/index.php\/wp-json\/wp\/v2\/comments?post=229"}],"version-history":[{"count":22,"href":"https:\/\/bip.cmradzymin.pl\/index.php\/wp-json\/wp\/v2\/pages\/229\/revisions"}],"predecessor-version":[{"id":521,"href":"https:\/\/bip.cmradzymin.pl\/index.php\/wp-json\/wp\/v2\/pages\/229\/revisions\/521"}],"wp:attachment":[{"href":"https:\/\/bip.cmradzymin.pl\/index.php\/wp-json\/wp\/v2\/media?parent=229"}],"curies":[{"name":"wp","href":"https:\/\/api.w.org\/{rel}","templated":true}]}}